{"id":3101,"date":"2020-02-04T11:05:23","date_gmt":"2020-02-04T16:05:23","guid":{"rendered":"http:\/\/prefecturadeesmeraldas.gob.ec\/?page_id=3101"},"modified":"2023-02-16T12:31:41","modified_gmt":"2023-02-16T17:31:41","slug":"esmeraldas","status":"publish","type":"page","link":"https:\/\/prefecturadeesmeraldas.gob.ec\/index.php\/esmeraldas\/","title":{"rendered":"Esmeraldas"},"content":{"rendered":"\t\t<div data-elementor-type=\"wp-post\" data-elementor-id=\"3101\" class=\"elementor elementor-3101\">\n\t\t\t\t<div class=\"elementor-element elementor-element-8e6a7f9 e-flex e-con-boxed e-con e-parent\" data-id=\"8e6a7f9\" data-element_type=\"container\">\n\t\t\t\t\t<div class=\"e-con-inner\">\n\t\t<div class=\"elementor-element elementor-element-3a28ea0 e-con-full e-flex e-con e-parent\" data-id=\"3a28ea0\" data-element_type=\"container\">\n\t\t\t\t<div class=\"elementor-element elementor-element-92bdc51 elementor-widget elementor-widget-image\" data-id=\"92bdc51\" data-element_type=\"widget\" data-widget_type=\"image.default\">\n\t\t\t\t<div class=\"elementor-widget-container\">\n\t\t\t\t\t\t\t\t\t\t\t\t<figure class=\"wp-caption\">\n\t\t\t\t\t\t\t\t\t\t<img fetchpriority=\"high\" decoding=\"async\" width=\"216\" height=\"300\" src=\"https:\/\/prefecturadeesmeraldas.gob.ec\/wp-content\/uploads\/2022\/08\/escudo-216x300.png\" class=\"attachment-medium size-medium wp-image-18453\" alt=\"\" srcset=\"https:\/\/prefecturadeesmeraldas.gob.ec\/wp-content\/uploads\/2022\/08\/escudo-216x300.png 216w, https:\/\/prefecturadeesmeraldas.gob.ec\/wp-content\/uploads\/2022\/08\/escudo.png 399w\" sizes=\"(max-width: 216px) 100vw, 216px\" \/>\t\t\t\t\t\t\t\t\t\t\t<figcaption class=\"widget-image-caption wp-caption-text\">Escudo de Esmeraldas<\/figcaption>\n\t\t\t\t\t\t\t\t\t\t<\/figure>\n\t\t\t\t\t\t\t\t\t<\/div>\n\t\t\t\t<\/div>\n\t\t\t\t<\/div>\n\t\t<div class=\"elementor-element elementor-element-39f4a91 e-con-full e-flex e-con e-parent\" data-id=\"39f4a91\" data-element_type=\"container\">\n\t\t\t\t<div class=\"elementor-element elementor-element-e4e2123 elementor-widget elementor-widget-image\" data-id=\"e4e2123\" data-element_type=\"widget\" data-widget_type=\"image.default\">\n\t\t\t\t<div class=\"elementor-widget-container\">\n\t\t\t\t\t\t\t\t\t\t\t\t<figure class=\"wp-caption\">\n\t\t\t\t\t\t\t\t\t\t<img decoding=\"async\" width=\"300\" height=\"200\" src=\"https:\/\/prefecturadeesmeraldas.gob.ec\/wp-content\/uploads\/2022\/08\/bandera-300x200.png\" class=\"attachment-medium size-medium wp-image-18454\" alt=\"\" srcset=\"https:\/\/prefecturadeesmeraldas.gob.ec\/wp-content\/uploads\/2022\/08\/bandera-300x200.png 300w, https:\/\/prefecturadeesmeraldas.gob.ec\/wp-content\/uploads\/2022\/08\/bandera-600x400.png 600w, https:\/\/prefecturadeesmeraldas.gob.ec\/wp-content\/uploads\/2022\/08\/bandera-360x240.png 360w, https:\/\/prefecturadeesmeraldas.gob.ec\/wp-content\/uploads\/2022\/08\/bandera.png 750w\" sizes=\"(max-width: 300px) 100vw, 300px\" \/>\t\t\t\t\t\t\t\t\t\t\t<figcaption class=\"widget-image-caption wp-caption-text\">Bandera de Esmeraldas<\/figcaption>\n\t\t\t\t\t\t\t\t\t\t<\/figure>\n\t\t\t\t\t\t\t\t\t<\/div>\n\t\t\t\t<\/div>\n\t\t\t\t<\/div>\n\t\t\t\t\t<\/div>\n\t\t\t\t<\/div>\n\t\t<div class=\"elementor-element elementor-element-22bd6fd e-flex e-con-boxed e-con e-parent\" data-id=\"22bd6fd\" data-element_type=\"container\">\n\t\t\t\t\t<div class=\"e-con-inner\">\n\t\t\t\t<div class=\"elementor-element elementor-element-4b34701 elementor-widget elementor-widget-text-editor\" data-id=\"4b34701\" data-element_type=\"widget\" data-widget_type=\"text-editor.default\">\n\t\t\t\t<div class=\"elementor-widget-container\">\n\t\t\t\t\t\t\t\t\t<h5 style=\"text-align: center;\"><span style=\"color: #008000;\"><strong>Nombres Completos:<\/strong><\/span><\/h5><h6 style=\"text-align: center;\">San Mateo de las Esmeraldas (siglo XIX)<\/h6><h6 style=\"text-align: center;\"><span style=\"color: #ffffff; background-color: #00aa55; font-weight: 500;\" class=\"highlighter dbl_font  \"><strong>Esmeraldas (Actual)<\/strong><\/span><\/h6>\t\t\t\t\t\t\t\t<\/div>\n\t\t\t\t<\/div>\n\t\t\t\t\t<\/div>\n\t\t\t\t<\/div>\n\t\t<div class=\"elementor-element elementor-element-31eda60 e-flex e-con-boxed e-con e-parent\" data-id=\"31eda60\" data-element_type=\"container\">\n\t\t\t\t\t<div class=\"e-con-inner\">\n\t\t\t\t<div class=\"elementor-element elementor-element-4a6d567 elementor-widget-divider--view-line elementor-widget elementor-widget-divider\" data-id=\"4a6d567\" data-element_type=\"widget\" data-widget_type=\"divider.default\">\n\t\t\t\t<div class=\"elementor-widget-container\">\n\t\t\t\t\t\t\t<div class=\"elementor-divider\">\n\t\t\t<span class=\"elementor-divider-separator\">\n\t\t\t\t\t\t<\/span>\n\t\t<\/div>\n\t\t\t\t\t\t<\/div>\n\t\t\t\t<\/div>\n\t\t\t\t\t<\/div>\n\t\t\t\t<\/div>\n\t\t<div class=\"elementor-element elementor-element-d8f58c2 e-flex e-con-boxed e-con e-parent\" data-id=\"d8f58c2\" data-element_type=\"container\">\n\t\t\t\t\t<div class=\"e-con-inner\">\n\t\t\t\t<div class=\"elementor-element elementor-element-6e4e7b6 elementor-widget__width-initial elementor-widget elementor-widget-text-editor\" data-id=\"6e4e7b6\" data-element_type=\"widget\" data-widget_type=\"text-editor.default\">\n\t\t\t\t<div class=\"elementor-widget-container\">\n\t\t\t\t\t\t\t\t\t<blockquote><h5 style=\"text-align: center;\"><em><strong><span style=\"color: #008000;\">Libre por rebelde y por rebelde grande<\/span><\/strong><\/em><\/h5><\/blockquote>\t\t\t\t\t\t\t\t<\/div>\n\t\t\t\t<\/div>\n\t\t\t\t\t<\/div>\n\t\t\t\t<\/div>\n\t\t<div class=\"elementor-element elementor-element-e5eb88b e-flex e-con-boxed e-con e-parent\" data-id=\"e5eb88b\" data-element_type=\"container\">\n\t\t\t\t\t<div class=\"e-con-inner\">\n\t\t\t\t<div class=\"elementor-element elementor-element-8382768 elementor-widget elementor-widget-text-editor\" data-id=\"8382768\" data-element_type=\"widget\" data-widget_type=\"text-editor.default\">\n\t\t\t\t<div class=\"elementor-widget-container\">\n\t\t\t\t\t\t\t\t\t<p style=\"text-align: left;\">Esmeraldas, tambi\u00e9n conocida como <strong>&#8220;<\/strong><span style=\"color: #008000;\"><strong>San Mateo de las Esmeraldas&#8221;<\/strong><\/span>, es una ciudad ecuatoriana; cabecera cantonal del Cant\u00f3n Esmeraldas y capital de la Provincia de Esmeraldas, as\u00ed como la urbe mas grande y poblada de la misma. Se localiza en la orilla derecha de la desembocadura del r\u00edo Esmeraldas, al norte de la regi\u00f3n litoral del Ecuador, con un clima tropical de 25\u00b0C en promedio.<\/p>\t\t\t\t\t\t\t\t<\/div>\n\t\t\t\t<\/div>\n\t\t\t\t\t<\/div>\n\t\t\t\t<\/div>\n\t\t<div class=\"elementor-element elementor-element-06aacef e-flex e-con-boxed e-con e-parent\" data-id=\"06aacef\" data-element_type=\"container\">\n\t\t\t\t\t<div class=\"e-con-inner\">\n\t\t<div class=\"elementor-element elementor-element-961a691 e-con-full e-flex e-con e-parent\" data-id=\"961a691\" data-element_type=\"container\">\n\t\t\t\t<div class=\"elementor-element elementor-element-dc23383 elementor-widget elementor-widget-text-editor\" data-id=\"dc23383\" data-element_type=\"widget\" data-widget_type=\"text-editor.default\">\n\t\t\t\t<div class=\"elementor-widget-container\">\n\t\t\t\t\t\t\t\t\t<h4><span style=\"color: #008000;\"><strong>Historia<\/strong><\/span><\/h4><p>Esmeraldas fue descubierta por Bartolom\u00e9 Ruiz el 21 de Septiembre de 1526 y <strong>proclam\u00f3 su<\/strong> <strong>independencia<\/strong> <strong>el 05 de Agosto de 1820.<\/strong><\/p><p>Las versi\u00f3n de los cronistas y de los historiadores ecuatorianos, cuando los espa\u00f1oles llegaron, creyeron que en el territorio esmeralde\u00f1o exist\u00edan minas de esta preciosa gema por lo que se identifico a estos territorios como: La Provincia de las Esmeraldas, que m\u00e1s tarde se la llamar\u00eda Esmeraldas.<\/p>\t\t\t\t\t\t\t\t<\/div>\n\t\t\t\t<\/div>\n\t\t\t\t<\/div>\n\t\t<div class=\"elementor-element elementor-element-b9c8705 e-con-full e-flex e-con e-parent\" data-id=\"b9c8705\" data-element_type=\"container\">\n\t\t\t\t<div class=\"elementor-element elementor-element-e9a9d4a elementor-widget elementor-widget-image\" data-id=\"e9a9d4a\" data-element_type=\"widget\" data-widget_type=\"image.default\">\n\t\t\t\t<div class=\"elementor-widget-container\">\n\t\t\t\t\t\t\t\t\t\t\t\t<figure class=\"wp-caption\">\n\t\t\t\t\t\t\t\t\t\t<img decoding=\"async\" src=\"https:\/\/prefecturadeesmeraldas.gob.ec\/wp-content\/uploads\/2022\/08\/esmeraldassua-540x822.jpg\" title=\"esmeraldassua\" alt=\"esmeraldassua\" loading=\"lazy\" \/>\t\t\t\t\t\t\t\t\t\t\t<figcaption class=\"widget-image-caption wp-caption-text\">Cortes\u00eda de @ecuador_pluricultural<\/figcaption>\n\t\t\t\t\t\t\t\t\t\t<\/figure>\n\t\t\t\t\t\t\t\t\t<\/div>\n\t\t\t\t<\/div>\n\t\t\t\t<\/div>\n\t\t<div class=\"elementor-element elementor-element-6e60a28 e-con-full e-flex e-con e-parent\" data-id=\"6e60a28\" data-element_type=\"container\">\n\t\t\t\t<div class=\"elementor-element elementor-element-ca3fe8a elementor-widget elementor-widget-image\" data-id=\"ca3fe8a\" data-element_type=\"widget\" data-widget_type=\"image.default\">\n\t\t\t\t<div class=\"elementor-widget-container\">\n\t\t\t\t\t\t\t\t\t\t\t\t<figure class=\"wp-caption\">\n\t\t\t\t\t\t\t\t\t\t\t<a href=\"https:\/\/prefecturadeesmeraldas.gob.ec\/wp-content\/uploads\/2022\/08\/iglesiacentralesme.jpg\" data-elementor-open-lightbox=\"no\">\n\t\t\t\t\t\t\t<img decoding=\"async\" src=\"https:\/\/prefecturadeesmeraldas.gob.ec\/wp-content\/uploads\/2022\/08\/iglesiacentralesme-540x377.jpg\" title=\"iglesiacentralesme\" alt=\"iglesiacentralesme\" loading=\"lazy\" \/>\t\t\t\t\t\t\t\t<\/a>\n\t\t\t\t\t\t\t\t\t\t\t<figcaption class=\"widget-image-caption wp-caption-text\">Inicios de Esmeraldas - Iglesia Central<\/figcaption>\n\t\t\t\t\t\t\t\t\t\t<\/figure>\n\t\t\t\t\t\t\t\t\t<\/div>\n\t\t\t\t<\/div>\n\t\t\t\t<\/div>\n\t\t<div class=\"elementor-element elementor-element-5d9ad91 e-con-full e-flex e-con e-parent\" data-id=\"5d9ad91\" data-element_type=\"container\">\n\t\t\t\t<div class=\"elementor-element elementor-element-360fd6f elementor-widget elementor-widget-text-editor\" data-id=\"360fd6f\" data-element_type=\"widget\" data-widget_type=\"text-editor.default\">\n\t\t\t\t<div class=\"elementor-widget-container\">\n\t\t\t\t\t\t\t\t\t<p>Esmeraldas tuvo la categor\u00eda de provincia durante la Colonia, el Rey de Espa\u00f1a se la concedi\u00f3 por dos generaciones a Don Pedro Vicente Maldonado. Al constituirse la Gran Colombia se la rebajo de categor\u00eda pol\u00edtica, seg\u00fan la Ley de la Divisi\u00f3n Pol\u00edtica de la Gran Colombia del 25 de julio de 1824, asign\u00e1ndole la categor\u00eda de cant\u00f3n de Quito, en 1839, pasa a formar parte de la provincia de Imbabura, posteriormente en el a\u00f1o de 1843 se lo reintegr\u00f3 como cant\u00f3n de la provincia de Pichincha. Aparece como Provincia de Esmeraldas en la Ley de Divisi\u00f3n Territorial de la Republica del Ecuador del 29 de mayo de 1861 y lo integraba el Cant\u00f3n Esmeraldas y las parroquias Esmeraldas, Atacames, Rioverde, La Tola, San Francisco y Concepci\u00f3n.<\/p>\t\t\t\t\t\t\t\t<\/div>\n\t\t\t\t<\/div>\n\t\t\t\t<\/div>\n\t\t\t\t\t<\/div>\n\t\t\t\t<\/div>\n\t\t<div class=\"elementor-element elementor-element-dd2aaec e-flex e-con-boxed e-con e-parent\" data-id=\"dd2aaec\" data-element_type=\"container\">\n\t\t\t\t\t<div class=\"e-con-inner\">\n\t\t\t\t<div class=\"elementor-element elementor-element-6530e63 elementor-widget-divider--view-line elementor-widget elementor-widget-divider\" data-id=\"6530e63\" data-element_type=\"widget\" data-widget_type=\"divider.default\">\n\t\t\t\t<div class=\"elementor-widget-container\">\n\t\t\t\t\t\t\t<div class=\"elementor-divider\">\n\t\t\t<span class=\"elementor-divider-separator\">\n\t\t\t\t\t\t<\/span>\n\t\t<\/div>\n\t\t\t\t\t\t<\/div>\n\t\t\t\t<\/div>\n\t\t\t\t\t<\/div>\n\t\t\t\t<\/div>\n\t\t<div class=\"elementor-element elementor-element-5566c1e e-flex e-con-boxed e-con e-parent\" data-id=\"5566c1e\" data-element_type=\"container\">\n\t\t\t\t\t<div class=\"e-con-inner\">\n\t\t\t\t<div class=\"elementor-element elementor-element-9a7c4d5 elementor-position-top elementor-widget elementor-widget-image-box\" data-id=\"9a7c4d5\" data-element_type=\"widget\" data-widget_type=\"image-box.default\">\n\t\t\t\t<div class=\"elementor-widget-container\">\n\t\t\t\t\t<div class=\"elementor-image-box-wrapper\"><figure class=\"elementor-image-box-img\"><img decoding=\"async\" width=\"2560\" height=\"1138\" src=\"https:\/\/prefecturadeesmeraldas.gob.ec\/wp-content\/uploads\/2022\/08\/2137-scaled.jpg\" class=\"attachment-full size-full wp-image-18459\" alt=\"\" srcset=\"https:\/\/prefecturadeesmeraldas.gob.ec\/wp-content\/uploads\/2022\/08\/2137-scaled.jpg 2560w, https:\/\/prefecturadeesmeraldas.gob.ec\/wp-content\/uploads\/2022\/08\/2137-scaled-1080x480.jpg 1080w, https:\/\/prefecturadeesmeraldas.gob.ec\/wp-content\/uploads\/2022\/08\/2137-300x133.jpg 300w, https:\/\/prefecturadeesmeraldas.gob.ec\/wp-content\/uploads\/2022\/08\/2137-1024x455.jpg 1024w, https:\/\/prefecturadeesmeraldas.gob.ec\/wp-content\/uploads\/2022\/08\/2137-768x341.jpg 768w, https:\/\/prefecturadeesmeraldas.gob.ec\/wp-content\/uploads\/2022\/08\/2137-1536x683.jpg 1536w, https:\/\/prefecturadeesmeraldas.gob.ec\/wp-content\/uploads\/2022\/08\/2137-2048x910.jpg 2048w, https:\/\/prefecturadeesmeraldas.gob.ec\/wp-content\/uploads\/2022\/08\/2137-600x267.jpg 600w\" sizes=\"(max-width: 2560px) 100vw, 2560px\" \/><\/figure><div class=\"elementor-image-box-content\"><h3 class=\"elementor-image-box-title\">Turismo<\/h3><p class=\"elementor-image-box-description\">Esmeraldas es un gran pilar tur\u00edstico en el Ecuador, ya que sus hermosas playas siempre tienen gran afluencia tur\u00edstica en las fechas m\u00e1s importantes de nuestro pa\u00eds.<b> Siendo as\u00ed de los lugares tur\u00edsticos de Ecuador m\u00e1s visitados<\/b>. <\/p><\/div><\/div>\t\t\t\t<\/div>\n\t\t\t\t<\/div>\n\t\t\t\t\t<\/div>\n\t\t\t\t<\/div>\n\t\t<div class=\"elementor-element elementor-element-878b53e e-flex e-con-boxed e-con e-parent\" data-id=\"878b53e\" data-element_type=\"container\">\n\t\t\t\t\t<div class=\"e-con-inner\">\n\t\t\t\t\t<\/div>\n\t\t\t\t<\/div>\n\t\t<div class=\"elementor-element elementor-element-564f1b3 e-flex e-con-boxed e-con e-parent\" data-id=\"564f1b3\" data-element_type=\"container\">\n\t\t\t\t\t<div class=\"e-con-inner\">\n\t\t<div class=\"elementor-element elementor-element-85fa478 e-con-full e-flex e-con e-parent\" data-id=\"85fa478\" data-element_type=\"container\">\n\t\t\t\t<div class=\"elementor-element elementor-element-004b199 elementor-widget elementor-widget-text-editor\" data-id=\"004b199\" data-element_type=\"widget\" data-widget_type=\"text-editor.default\">\n\t\t\t\t<div class=\"elementor-widget-container\">\n\t\t\t\t\t\t\t\t\t<h4><span style=\"color: #008000;\"><strong>Gastronom\u00eda<\/strong><\/span><\/h4><p>Esmeraldas se destaca por la variedad y sabor de sus platos siendo as\u00ed un gran potencial para el turismo en Ecuador, para ello se utilizan productos como pescados y mariscos, carnes, frutas como coco, pl\u00e1tano verde, maduro y la chillangua. Entre sus platos t\u00edpicos se encuentran los ceviches, pescado frito con arroz y patacones, sopa marinera, caldo de bagre, arroz con camar\u00f3n, arroz con concha, cangrejo encocados, arroz marinero, encocados de guanta y muchos platos m\u00e1s, con los que deleitar hasta los paladares mas exigentes.<\/p>\t\t\t\t\t\t\t\t<\/div>\n\t\t\t\t<\/div>\n\t\t\t\t<\/div>\n\t\t<div class=\"elementor-element elementor-element-4d77833 e-con-full e-flex e-con e-parent\" data-id=\"4d77833\" data-element_type=\"container\">\n\t\t\t\t<div class=\"elementor-element elementor-element-064bee5 elementor-widget elementor-widget-image\" data-id=\"064bee5\" data-element_type=\"widget\" data-widget_type=\"image.default\">\n\t\t\t\t<div class=\"elementor-widget-container\">\n\t\t\t\t\t\t\t\t\t\t\t\t<figure class=\"wp-caption\">\n\t\t\t\t\t\t\t\t\t\t<img decoding=\"async\" src=\"https:\/\/prefecturadeesmeraldas.gob.ec\/wp-content\/uploads\/2022\/08\/272485058_311104214366603_6515242496480075387_n-460x700.jpg\" title=\"272485058_311104214366603_6515242496480075387_n\" alt=\"272485058_311104214366603_6515242496480075387_n\" loading=\"lazy\" \/>\t\t\t\t\t\t\t\t\t\t\t<figcaption class=\"widget-image-caption wp-caption-text\">Ceviche de concha &amp; Arroz Marinero<\/figcaption>\n\t\t\t\t\t\t\t\t\t\t<\/figure>\n\t\t\t\t\t\t\t\t\t<\/div>\n\t\t\t\t<\/div>\n\t\t\t\t<\/div>\n\t\t\t\t\t<\/div>\n\t\t\t\t<\/div>\n\t\t<div class=\"elementor-element elementor-element-aea3366 e-flex e-con-boxed e-con e-parent\" data-id=\"aea3366\" data-element_type=\"container\">\n\t\t\t\t\t<div class=\"e-con-inner\">\n\t\t\t\t<div class=\"elementor-element elementor-element-760f332 elementor-widget elementor-widget-video\" data-id=\"760f332\" data-element_type=\"widget\" data-settings=\"{&quot;youtube_url&quot;:&quot;https:\\\/\\\/www.youtube.com\\\/watch?v=ljc3YRsDNpE&quot;,&quot;video_type&quot;:&quot;youtube&quot;,&quot;controls&quot;:&quot;yes&quot;}\" data-widget_type=\"video.default\">\n\t\t\t\t<div class=\"elementor-widget-container\">\n\t\t\t\t\t\t\t<div class=\"elementor-wrapper elementor-open-inline\">\n\t\t\t<div class=\"elementor-video\"><\/div>\t\t<\/div>\n\t\t\t\t\t\t<\/div>\n\t\t\t\t<\/div>\n\t\t\t\t\t<\/div>\n\t\t\t\t<\/div>\n\t\t\t\t<\/div>\n\t\t","protected":false},"excerpt":{"rendered":"<p>Escudo de Esmeraldas Bandera de Esmeraldas Nombres Completos: San Mateo de las Esmeraldas (siglo XIX) Esmeraldas (Actual) Libre por rebelde y por rebelde grande Esmeraldas, tambi\u00e9n conocida como &#8220;San Mateo de las Esmeraldas&#8221;, es una ciudad ecuatoriana; cabecera cantonal del Cant\u00f3n Esmeraldas y capital de la Provincia de Esmeraldas, as\u00ed como la urbe mas grande [&hellip;]<\/p>\n","protected":false},"author":2,"featured_media":0,"parent":0,"menu_order":0,"comment_status":"closed","ping_status":"closed","template":"","meta":{"footnotes":""},"class_list":["post-3101","page","type-page","status-publish","hentry"],"yoast_head":"<!-- This site is optimized with the Yoast SEO plugin v25.7 - https:\/\/yoast.com\/wordpress\/plugins\/seo\/ -->\n<title>Esmeraldas - Gobierno Aut\u00f3nomo Descentralizado de la Provincia de Esmeraldas<\/title>\n<meta name=\"robots\" content=\"index, follow, max-snippet:-1, max-image-preview:large, max-video-preview:-1\" \/>\n<link rel=\"canonical\" href=\"https:\/\/prefecturadeesmeraldas.gob.ec\/index.php\/esmeraldas\/\" \/>\n<meta property=\"og:locale\" content=\"es_ES\" \/>\n<meta property=\"og:type\" content=\"article\" \/>\n<meta property=\"og:title\" content=\"Esmeraldas - Gobierno Aut\u00f3nomo Descentralizado de la Provincia de Esmeraldas\" \/>\n<meta property=\"og:description\" content=\"Escudo de Esmeraldas Bandera de Esmeraldas Nombres Completos: San Mateo de las Esmeraldas (siglo XIX) Esmeraldas (Actual) Libre por rebelde y por rebelde grande Esmeraldas, tambi\u00e9n conocida como &#8220;San Mateo de las Esmeraldas&#8221;, es una ciudad ecuatoriana; cabecera cantonal del Cant\u00f3n Esmeraldas y capital de la Provincia de Esmeraldas, as\u00ed como la urbe mas grande [&hellip;]\" \/>\n<meta property=\"og:url\" content=\"https:\/\/prefecturadeesmeraldas.gob.ec\/index.php\/esmeraldas\/\" \/>\n<meta property=\"og:site_name\" content=\"Gobierno Aut\u00f3nomo Descentralizado de la Provincia de Esmeraldas\" \/>\n<meta property=\"article:publisher\" content=\"https:\/\/www.facebook.com\/PrefecturaEsmeraldas\/\" \/>\n<meta property=\"article:modified_time\" content=\"2023-02-16T17:31:41+00:00\" \/>\n<meta property=\"og:image\" content=\"https:\/\/prefecturadeesmeraldas.gob.ec\/wp-content\/uploads\/2022\/08\/escudo-216x300.png\" \/>\n<meta name=\"twitter:card\" content=\"summary_large_image\" \/>\n<meta name=\"twitter:label1\" content=\"Tiempo de lectura\" \/>\n\t<meta name=\"twitter:data1\" content=\"4 minutos\" \/>\n<script type=\"application\/ld+json\" class=\"yoast-schema-graph\">{\"@context\":\"https:\/\/schema.org\",\"@graph\":[{\"@type\":\"WebPage\",\"@id\":\"https:\/\/prefecturadeesmeraldas.gob.ec\/index.php\/esmeraldas\/\",\"url\":\"https:\/\/prefecturadeesmeraldas.gob.ec\/index.php\/esmeraldas\/\",\"name\":\"Esmeraldas - Gobierno Aut\u00f3nomo Descentralizado de la Provincia de Esmeraldas\",\"isPartOf\":{\"@id\":\"https:\/\/prefecturadeesmeraldas.gob.ec\/#website\"},\"primaryImageOfPage\":{\"@id\":\"https:\/\/prefecturadeesmeraldas.gob.ec\/index.php\/esmeraldas\/#primaryimage\"},\"image\":{\"@id\":\"https:\/\/prefecturadeesmeraldas.gob.ec\/index.php\/esmeraldas\/#primaryimage\"},\"thumbnailUrl\":\"https:\/\/prefecturadeesmeraldas.gob.ec\/wp-content\/uploads\/2022\/08\/escudo-216x300.png\",\"datePublished\":\"2020-02-04T16:05:23+00:00\",\"dateModified\":\"2023-02-16T17:31:41+00:00\",\"breadcrumb\":{\"@id\":\"https:\/\/prefecturadeesmeraldas.gob.ec\/index.php\/esmeraldas\/#breadcrumb\"},\"inLanguage\":\"es\",\"potentialAction\":[{\"@type\":\"ReadAction\",\"target\":[\"https:\/\/prefecturadeesmeraldas.gob.ec\/index.php\/esmeraldas\/\"]}]},{\"@type\":\"ImageObject\",\"inLanguage\":\"es\",\"@id\":\"https:\/\/prefecturadeesmeraldas.gob.ec\/index.php\/esmeraldas\/#primaryimage\",\"url\":\"https:\/\/prefecturadeesmeraldas.gob.ec\/wp-content\/uploads\/2022\/08\/escudo.png\",\"contentUrl\":\"https:\/\/prefecturadeesmeraldas.gob.ec\/wp-content\/uploads\/2022\/08\/escudo.png\",\"width\":399,\"height\":555},{\"@type\":\"BreadcrumbList\",\"@id\":\"https:\/\/prefecturadeesmeraldas.gob.ec\/index.php\/esmeraldas\/#breadcrumb\",\"itemListElement\":[{\"@type\":\"ListItem\",\"position\":1,\"name\":\"Home\",\"item\":\"https:\/\/prefecturadeesmeraldas.gob.ec\/\"},{\"@type\":\"ListItem\",\"position\":2,\"name\":\"Esmeraldas\"}]},{\"@type\":\"WebSite\",\"@id\":\"https:\/\/prefecturadeesmeraldas.gob.ec\/#website\",\"url\":\"https:\/\/prefecturadeesmeraldas.gob.ec\/\",\"name\":\"Gobierno Aut\u00f3nomo Descentralizado de la Provincia de Esmeraldas\",\"description\":\"Gobierno Aut\u00f3nomo Descentralizado de la Provincia de Esmeraldas\",\"publisher\":{\"@id\":\"https:\/\/prefecturadeesmeraldas.gob.ec\/#organization\"},\"potentialAction\":[{\"@type\":\"SearchAction\",\"target\":{\"@type\":\"EntryPoint\",\"urlTemplate\":\"https:\/\/prefecturadeesmeraldas.gob.ec\/?s={search_term_string}\"},\"query-input\":{\"@type\":\"PropertyValueSpecification\",\"valueRequired\":true,\"valueName\":\"search_term_string\"}}],\"inLanguage\":\"es\"},{\"@type\":\"Organization\",\"@id\":\"https:\/\/prefecturadeesmeraldas.gob.ec\/#organization\",\"name\":\"Gobierno Aut\u00f3nomo Descentralizado de la Provincia de Esmeraldas\",\"url\":\"https:\/\/prefecturadeesmeraldas.gob.ec\/\",\"logo\":{\"@type\":\"ImageObject\",\"inLanguage\":\"es\",\"@id\":\"https:\/\/prefecturadeesmeraldas.gob.ec\/#\/schema\/logo\/image\/\",\"url\":\"https:\/\/prefecturadeesmeraldas.gob.ec\/wp-content\/uploads\/2019\/06\/logo.png\",\"contentUrl\":\"https:\/\/prefecturadeesmeraldas.gob.ec\/wp-content\/uploads\/2019\/06\/logo.png\",\"width\":859,\"height\":448,\"caption\":\"Gobierno Aut\u00f3nomo Descentralizado de la Provincia de Esmeraldas\"},\"image\":{\"@id\":\"https:\/\/prefecturadeesmeraldas.gob.ec\/#\/schema\/logo\/image\/\"},\"sameAs\":[\"https:\/\/www.facebook.com\/PrefecturaEsmeraldas\/\"]}]}<\/script>\n<!-- \/ Yoast SEO plugin. -->","yoast_head_json":{"title":"Esmeraldas - Gobierno Aut\u00f3nomo Descentralizado de la Provincia de Esmeraldas","robots":{"index":"index","follow":"follow","max-snippet":"max-snippet:-1","max-image-preview":"max-image-preview:large","max-video-preview":"max-video-preview:-1"},"canonical":"https:\/\/prefecturadeesmeraldas.gob.ec\/index.php\/esmeraldas\/","og_locale":"es_ES","og_type":"article","og_title":"Esmeraldas - Gobierno Aut\u00f3nomo Descentralizado de la Provincia de Esmeraldas","og_description":"Escudo de Esmeraldas Bandera de Esmeraldas Nombres Completos: San Mateo de las Esmeraldas (siglo XIX) Esmeraldas (Actual) Libre por rebelde y por rebelde grande Esmeraldas, tambi\u00e9n conocida como &#8220;San Mateo de las Esmeraldas&#8221;, es una ciudad ecuatoriana; cabecera cantonal del Cant\u00f3n Esmeraldas y capital de la Provincia de Esmeraldas, as\u00ed como la urbe mas grande [&hellip;]","og_url":"https:\/\/prefecturadeesmeraldas.gob.ec\/index.php\/esmeraldas\/","og_site_name":"Gobierno Aut\u00f3nomo Descentralizado de la Provincia de Esmeraldas","article_publisher":"https:\/\/www.facebook.com\/PrefecturaEsmeraldas\/","article_modified_time":"2023-02-16T17:31:41+00:00","og_image":[{"url":"https:\/\/prefecturadeesmeraldas.gob.ec\/wp-content\/uploads\/2022\/08\/escudo-216x300.png","type":"","width":"","height":""}],"twitter_card":"summary_large_image","twitter_misc":{"Tiempo de lectura":"4 minutos"},"schema":{"@context":"https:\/\/schema.org","@graph":[{"@type":"WebPage","@id":"https:\/\/prefecturadeesmeraldas.gob.ec\/index.php\/esmeraldas\/","url":"https:\/\/prefecturadeesmeraldas.gob.ec\/index.php\/esmeraldas\/","name":"Esmeraldas - Gobierno Aut\u00f3nomo Descentralizado de la Provincia de Esmeraldas","isPartOf":{"@id":"https:\/\/prefecturadeesmeraldas.gob.ec\/#website"},"primaryImageOfPage":{"@id":"https:\/\/prefecturadeesmeraldas.gob.ec\/index.php\/esmeraldas\/#primaryimage"},"image":{"@id":"https:\/\/prefecturadeesmeraldas.gob.ec\/index.php\/esmeraldas\/#primaryimage"},"thumbnailUrl":"https:\/\/prefecturadeesmeraldas.gob.ec\/wp-content\/uploads\/2022\/08\/escudo-216x300.png","datePublished":"2020-02-04T16:05:23+00:00","dateModified":"2023-02-16T17:31:41+00:00","breadcrumb":{"@id":"https:\/\/prefecturadeesmeraldas.gob.ec\/index.php\/esmeraldas\/#breadcrumb"},"inLanguage":"es","potentialAction":[{"@type":"ReadAction","target":["https:\/\/prefecturadeesmeraldas.gob.ec\/index.php\/esmeraldas\/"]}]},{"@type":"ImageObject","inLanguage":"es","@id":"https:\/\/prefecturadeesmeraldas.gob.ec\/index.php\/esmeraldas\/#primaryimage","url":"https:\/\/prefecturadeesmeraldas.gob.ec\/wp-content\/uploads\/2022\/08\/escudo.png","contentUrl":"https:\/\/prefecturadeesmeraldas.gob.ec\/wp-content\/uploads\/2022\/08\/escudo.png","width":399,"height":555},{"@type":"BreadcrumbList","@id":"https:\/\/prefecturadeesmeraldas.gob.ec\/index.php\/esmeraldas\/#breadcrumb","itemListElement":[{"@type":"ListItem","position":1,"name":"Home","item":"https:\/\/prefecturadeesmeraldas.gob.ec\/"},{"@type":"ListItem","position":2,"name":"Esmeraldas"}]},{"@type":"WebSite","@id":"https:\/\/prefecturadeesmeraldas.gob.ec\/#website","url":"https:\/\/prefecturadeesmeraldas.gob.ec\/","name":"Gobierno Aut\u00f3nomo Descentralizado de la Provincia de Esmeraldas","description":"Gobierno Aut\u00f3nomo Descentralizado de la Provincia de Esmeraldas","publisher":{"@id":"https:\/\/prefecturadeesmeraldas.gob.ec\/#organization"},"potentialAction":[{"@type":"SearchAction","target":{"@type":"EntryPoint","urlTemplate":"https:\/\/prefecturadeesmeraldas.gob.ec\/?s={search_term_string}"},"query-input":{"@type":"PropertyValueSpecification","valueRequired":true,"valueName":"search_term_string"}}],"inLanguage":"es"},{"@type":"Organization","@id":"https:\/\/prefecturadeesmeraldas.gob.ec\/#organization","name":"Gobierno Aut\u00f3nomo Descentralizado de la Provincia de Esmeraldas","url":"https:\/\/prefecturadeesmeraldas.gob.ec\/","logo":{"@type":"ImageObject","inLanguage":"es","@id":"https:\/\/prefecturadeesmeraldas.gob.ec\/#\/schema\/logo\/image\/","url":"https:\/\/prefecturadeesmeraldas.gob.ec\/wp-content\/uploads\/2019\/06\/logo.png","contentUrl":"https:\/\/prefecturadeesmeraldas.gob.ec\/wp-content\/uploads\/2019\/06\/logo.png","width":859,"height":448,"caption":"Gobierno Aut\u00f3nomo Descentralizado de la Provincia de Esmeraldas"},"image":{"@id":"https:\/\/prefecturadeesmeraldas.gob.ec\/#\/schema\/logo\/image\/"},"sameAs":["https:\/\/www.facebook.com\/PrefecturaEsmeraldas\/"]}]}},"_links":{"self":[{"href":"https:\/\/prefecturadeesmeraldas.gob.ec\/index.php\/wp-json\/wp\/v2\/pages\/3101","targetHints":{"allow":["GET"]}}],"collection":[{"href":"https:\/\/prefecturadeesmeraldas.gob.ec\/index.php\/wp-json\/wp\/v2\/pages"}],"about":[{"href":"https:\/\/prefecturadeesmeraldas.gob.ec\/index.php\/wp-json\/wp\/v2\/types\/page"}],"author":[{"embeddable":true,"href":"https:\/\/prefecturadeesmeraldas.gob.ec\/index.php\/wp-json\/wp\/v2\/users\/2"}],"replies":[{"embeddable":true,"href":"https:\/\/prefecturadeesmeraldas.gob.ec\/index.php\/wp-json\/wp\/v2\/comments?post=3101"}],"version-history":[{"count":0,"href":"https:\/\/prefecturadeesmeraldas.gob.ec\/index.php\/wp-json\/wp\/v2\/pages\/3101\/revisions"}],"wp:attachment":[{"href":"https:\/\/prefecturadeesmeraldas.gob.ec\/index.php\/wp-json\/wp\/v2\/media?parent=3101"}],"curies":[{"name":"wp","href":"https:\/\/api.w.org\/{rel}","templated":true}]}}