{"id":29144,"date":"2025-03-14T16:24:07","date_gmt":"2025-03-14T21:24:07","guid":{"rendered":"https:\/\/prefecturadeesmeraldas.gob.ec\/?page_id=29144"},"modified":"2025-03-14T16:25:30","modified_gmt":"2025-03-14T21:25:30","slug":"fundamental-apoyo-de-la-prefecta-de-esmeraldas-permite-que-se-implementes-obras-y-proyectos-para-el-canton-muisne","status":"publish","type":"page","link":"https:\/\/prefecturadeesmeraldas.gob.ec\/index.php\/fundamental-apoyo-de-la-prefecta-de-esmeraldas-permite-que-se-implementes-obras-y-proyectos-para-el-canton-muisne\/","title":{"rendered":"Fundamental apoyo de la Prefecta de Esmeraldas permite que se implementes obras y proyectos para el cant\u00f3n Muisne."},"content":{"rendered":"\t\t<div data-elementor-type=\"wp-page\" data-elementor-id=\"29144\" class=\"elementor elementor-29144\">\n\t\t\t\t<div class=\"elementor-element elementor-element-cbe799d e-flex e-con-boxed e-con e-parent\" data-id=\"cbe799d\" data-element_type=\"container\">\n\t\t\t\t\t<div class=\"e-con-inner\">\n\t\t\t\t<div class=\"elementor-element elementor-element-77d3156 elementor-widget elementor-widget-image\" data-id=\"77d3156\" data-element_type=\"widget\" data-widget_type=\"image.default\">\n\t\t\t\t<div class=\"elementor-widget-container\">\n\t\t\t\t\t\t\t\t\t\t\t\t\t\t\t<img fetchpriority=\"high\" decoding=\"async\" width=\"1280\" height=\"1280\" src=\"https:\/\/prefecturadeesmeraldas.gob.ec\/wp-content\/uploads\/2025\/03\/WhatsApp-Image-2025-03-14-at-11.57.12-1.jpeg\" class=\"attachment-large size-large wp-image-29146\" alt=\"\" srcset=\"https:\/\/prefecturadeesmeraldas.gob.ec\/wp-content\/uploads\/2025\/03\/WhatsApp-Image-2025-03-14-at-11.57.12-1.jpeg 1280w, https:\/\/prefecturadeesmeraldas.gob.ec\/wp-content\/uploads\/2025\/03\/WhatsApp-Image-2025-03-14-at-11.57.12-1-300x300.jpeg 300w, https:\/\/prefecturadeesmeraldas.gob.ec\/wp-content\/uploads\/2025\/03\/WhatsApp-Image-2025-03-14-at-11.57.12-1-150x150.jpeg 150w, https:\/\/prefecturadeesmeraldas.gob.ec\/wp-content\/uploads\/2025\/03\/WhatsApp-Image-2025-03-14-at-11.57.12-1-768x768.jpeg 768w, https:\/\/prefecturadeesmeraldas.gob.ec\/wp-content\/uploads\/2025\/03\/WhatsApp-Image-2025-03-14-at-11.57.12-1-440x440.jpeg 440w, https:\/\/prefecturadeesmeraldas.gob.ec\/wp-content\/uploads\/2025\/03\/WhatsApp-Image-2025-03-14-at-11.57.12-1-180x180.jpeg 180w, https:\/\/prefecturadeesmeraldas.gob.ec\/wp-content\/uploads\/2025\/03\/WhatsApp-Image-2025-03-14-at-11.57.12-1-120x120.jpeg 120w\" sizes=\"(max-width: 1280px) 100vw, 1280px\" \/>\t\t\t\t\t\t\t\t\t\t\t\t\t\t\t<\/div>\n\t\t\t\t<\/div>\n\t\t\t\t\t<\/div>\n\t\t\t\t<\/div>\n\t\t<div class=\"elementor-element elementor-element-c296092 e-flex e-con-boxed e-con e-parent\" data-id=\"c296092\" data-element_type=\"container\">\n\t\t\t\t\t<div class=\"e-con-inner\">\n\t\t\t\t<div class=\"elementor-element elementor-element-ba87a07 elementor-widget elementor-widget-text-editor\" data-id=\"ba87a07\" data-element_type=\"widget\" data-widget_type=\"text-editor.default\">\n\t\t\t\t<div class=\"elementor-widget-container\">\n\t\t\t\t\t\t\t\t\t<p>El presidente de la Rep\u00fablica del Ecuador, <strong>Daniel Noboa<\/strong>, visit\u00f3 el cant\u00f3n Muisne, firmando convenios destinados a proyectos de agua potable, vialidad y adquisici\u00f3n de maquinarias pesadas.<\/p><p>La prefecta, Roberta Zambrano, particip\u00f3 de este hist\u00f3rico suceso que, transformar\u00e1 la vida de los habitantes del cant\u00f3n Muisne, reactivar\u00e1 la econom\u00eda local, el desarrollo y brindar\u00e1 prosperidad.<\/p><p>La alcaldesa, Yuri Colorado, muy emocionada indic\u00f3 que, gracias al apoyo y compromiso de la <strong>Ab. Roberta Zambrano<\/strong> se cristalizar\u00e1n estas obras que mejorar\u00e1n la calidad de vida del habitante de Muisne.<\/p><p>El primer mandatario, Daniel Noboa, expres\u00f3 que, la educaci\u00f3n, vialidad, salud y seguridad son sus ejes fundamentales por los que, continuar\u00e1 trabajando para la prosperidad y el desarrollo del pa\u00eds.<\/p><p>Las firmas de convenio fueron para el Mantenimiento y rehabilitaci\u00f3n de la v\u00eda E 15 &#8211; Bol\u00edvar; Uso y operaci\u00f3n de la gabarra El Morro; y Mejoramiento del Sistema de Agua Potable en Muisne.<\/p>\t\t\t\t\t\t\t\t<\/div>\n\t\t\t\t<\/div>\n\t\t\t\t\t<\/div>\n\t\t\t\t<\/div>\n\t\t\t\t<\/div>\n\t\t","protected":false},"excerpt":{"rendered":"<p>El presidente de la Rep\u00fablica del Ecuador, Daniel Noboa, visit\u00f3 el cant\u00f3n Muisne, firmando convenios destinados a proyectos de agua potable, vialidad y adquisici\u00f3n de maquinarias pesadas. La prefecta, Roberta Zambrano, particip\u00f3 de este hist\u00f3rico suceso que, transformar\u00e1 la vida de los habitantes del cant\u00f3n Muisne, reactivar\u00e1 la econom\u00eda local, el desarrollo y brindar\u00e1 prosperidad. [&hellip;]<\/p>\n","protected":false},"author":2,"featured_media":0,"parent":0,"menu_order":0,"comment_status":"closed","ping_status":"closed","template":"","meta":{"footnotes":""},"class_list":["post-29144","page","type-page","status-publish","hentry"],"yoast_head":"<!-- This site is optimized with the Yoast SEO plugin v25.7 - https:\/\/yoast.com\/wordpress\/plugins\/seo\/ -->\n<title>Fundamental apoyo de la Prefecta de Esmeraldas permite que se implementes obras y proyectos para el cant\u00f3n Muisne. - Gobierno Aut\u00f3nomo Descentralizado de la Provincia de Esmeraldas<\/title>\n<meta name=\"robots\" content=\"index, follow, max-snippet:-1, max-image-preview:large, max-video-preview:-1\" \/>\n<link rel=\"canonical\" href=\"https:\/\/prefecturadeesmeraldas.gob.ec\/index.php\/fundamental-apoyo-de-la-prefecta-de-esmeraldas-permite-que-se-implementes-obras-y-proyectos-para-el-canton-muisne\/\" \/>\n<meta property=\"og:locale\" content=\"es_ES\" \/>\n<meta property=\"og:type\" content=\"article\" \/>\n<meta property=\"og:title\" content=\"Fundamental apoyo de la Prefecta de Esmeraldas permite que se implementes obras y proyectos para el cant\u00f3n Muisne. - Gobierno Aut\u00f3nomo Descentralizado de la Provincia de Esmeraldas\" \/>\n<meta property=\"og:description\" content=\"El presidente de la Rep\u00fablica del Ecuador, Daniel Noboa, visit\u00f3 el cant\u00f3n Muisne, firmando convenios destinados a proyectos de agua potable, vialidad y adquisici\u00f3n de maquinarias pesadas. La prefecta, Roberta Zambrano, particip\u00f3 de este hist\u00f3rico suceso que, transformar\u00e1 la vida de los habitantes del cant\u00f3n Muisne, reactivar\u00e1 la econom\u00eda local, el desarrollo y brindar\u00e1 prosperidad. [&hellip;]\" \/>\n<meta property=\"og:url\" content=\"https:\/\/prefecturadeesmeraldas.gob.ec\/index.php\/fundamental-apoyo-de-la-prefecta-de-esmeraldas-permite-que-se-implementes-obras-y-proyectos-para-el-canton-muisne\/\" \/>\n<meta property=\"og:site_name\" content=\"Gobierno Aut\u00f3nomo Descentralizado de la Provincia de Esmeraldas\" \/>\n<meta property=\"article:publisher\" content=\"https:\/\/www.facebook.com\/PrefecturaEsmeraldas\/\" \/>\n<meta property=\"article:modified_time\" content=\"2025-03-14T21:25:30+00:00\" \/>\n<meta property=\"og:image\" content=\"https:\/\/prefecturadeesmeraldas.gob.ec\/wp-content\/uploads\/2025\/03\/WhatsApp-Image-2025-03-14-at-11.57.12-1.jpeg\" \/>\n<meta name=\"twitter:card\" content=\"summary_large_image\" \/>\n<meta name=\"twitter:label1\" content=\"Tiempo de lectura\" \/>\n\t<meta name=\"twitter:data1\" content=\"1 minuto\" \/>\n<script type=\"application\/ld+json\" class=\"yoast-schema-graph\">{\"@context\":\"https:\/\/schema.org\",\"@graph\":[{\"@type\":\"WebPage\",\"@id\":\"https:\/\/prefecturadeesmeraldas.gob.ec\/index.php\/fundamental-apoyo-de-la-prefecta-de-esmeraldas-permite-que-se-implementes-obras-y-proyectos-para-el-canton-muisne\/\",\"url\":\"https:\/\/prefecturadeesmeraldas.gob.ec\/index.php\/fundamental-apoyo-de-la-prefecta-de-esmeraldas-permite-que-se-implementes-obras-y-proyectos-para-el-canton-muisne\/\",\"name\":\"Fundamental apoyo de la Prefecta de Esmeraldas permite que se implementes obras y proyectos para el cant\u00f3n Muisne. - Gobierno Aut\u00f3nomo Descentralizado de la Provincia de Esmeraldas\",\"isPartOf\":{\"@id\":\"https:\/\/prefecturadeesmeraldas.gob.ec\/#website\"},\"primaryImageOfPage\":{\"@id\":\"https:\/\/prefecturadeesmeraldas.gob.ec\/index.php\/fundamental-apoyo-de-la-prefecta-de-esmeraldas-permite-que-se-implementes-obras-y-proyectos-para-el-canton-muisne\/#primaryimage\"},\"image\":{\"@id\":\"https:\/\/prefecturadeesmeraldas.gob.ec\/index.php\/fundamental-apoyo-de-la-prefecta-de-esmeraldas-permite-que-se-implementes-obras-y-proyectos-para-el-canton-muisne\/#primaryimage\"},\"thumbnailUrl\":\"https:\/\/prefecturadeesmeraldas.gob.ec\/wp-content\/uploads\/2025\/03\/WhatsApp-Image-2025-03-14-at-11.57.12-1.jpeg\",\"datePublished\":\"2025-03-14T21:24:07+00:00\",\"dateModified\":\"2025-03-14T21:25:30+00:00\",\"breadcrumb\":{\"@id\":\"https:\/\/prefecturadeesmeraldas.gob.ec\/index.php\/fundamental-apoyo-de-la-prefecta-de-esmeraldas-permite-que-se-implementes-obras-y-proyectos-para-el-canton-muisne\/#breadcrumb\"},\"inLanguage\":\"es\",\"potentialAction\":[{\"@type\":\"ReadAction\",\"target\":[\"https:\/\/prefecturadeesmeraldas.gob.ec\/index.php\/fundamental-apoyo-de-la-prefecta-de-esmeraldas-permite-que-se-implementes-obras-y-proyectos-para-el-canton-muisne\/\"]}]},{\"@type\":\"ImageObject\",\"inLanguage\":\"es\",\"@id\":\"https:\/\/prefecturadeesmeraldas.gob.ec\/index.php\/fundamental-apoyo-de-la-prefecta-de-esmeraldas-permite-que-se-implementes-obras-y-proyectos-para-el-canton-muisne\/#primaryimage\",\"url\":\"https:\/\/prefecturadeesmeraldas.gob.ec\/wp-content\/uploads\/2025\/03\/WhatsApp-Image-2025-03-14-at-11.57.12-1.jpeg\",\"contentUrl\":\"https:\/\/prefecturadeesmeraldas.gob.ec\/wp-content\/uploads\/2025\/03\/WhatsApp-Image-2025-03-14-at-11.57.12-1.jpeg\",\"width\":1280,\"height\":1280},{\"@type\":\"BreadcrumbList\",\"@id\":\"https:\/\/prefecturadeesmeraldas.gob.ec\/index.php\/fundamental-apoyo-de-la-prefecta-de-esmeraldas-permite-que-se-implementes-obras-y-proyectos-para-el-canton-muisne\/#breadcrumb\",\"itemListElement\":[{\"@type\":\"ListItem\",\"position\":1,\"name\":\"Home\",\"item\":\"https:\/\/prefecturadeesmeraldas.gob.ec\/\"},{\"@type\":\"ListItem\",\"position\":2,\"name\":\"Fundamental apoyo de la Prefecta de Esmeraldas permite que se implementes obras y proyectos para el cant\u00f3n Muisne.\"}]},{\"@type\":\"WebSite\",\"@id\":\"https:\/\/prefecturadeesmeraldas.gob.ec\/#website\",\"url\":\"https:\/\/prefecturadeesmeraldas.gob.ec\/\",\"name\":\"Gobierno Aut\u00f3nomo Descentralizado de la Provincia de Esmeraldas\",\"description\":\"Gobierno Aut\u00f3nomo Descentralizado de la Provincia de Esmeraldas\",\"publisher\":{\"@id\":\"https:\/\/prefecturadeesmeraldas.gob.ec\/#organization\"},\"potentialAction\":[{\"@type\":\"SearchAction\",\"target\":{\"@type\":\"EntryPoint\",\"urlTemplate\":\"https:\/\/prefecturadeesmeraldas.gob.ec\/?s={search_term_string}\"},\"query-input\":{\"@type\":\"PropertyValueSpecification\",\"valueRequired\":true,\"valueName\":\"search_term_string\"}}],\"inLanguage\":\"es\"},{\"@type\":\"Organization\",\"@id\":\"https:\/\/prefecturadeesmeraldas.gob.ec\/#organization\",\"name\":\"Gobierno Aut\u00f3nomo Descentralizado de la Provincia de Esmeraldas\",\"url\":\"https:\/\/prefecturadeesmeraldas.gob.ec\/\",\"logo\":{\"@type\":\"ImageObject\",\"inLanguage\":\"es\",\"@id\":\"https:\/\/prefecturadeesmeraldas.gob.ec\/#\/schema\/logo\/image\/\",\"url\":\"https:\/\/prefecturadeesmeraldas.gob.ec\/wp-content\/uploads\/2019\/06\/logo.png\",\"contentUrl\":\"https:\/\/prefecturadeesmeraldas.gob.ec\/wp-content\/uploads\/2019\/06\/logo.png\",\"width\":859,\"height\":448,\"caption\":\"Gobierno Aut\u00f3nomo Descentralizado de la Provincia de Esmeraldas\"},\"image\":{\"@id\":\"https:\/\/prefecturadeesmeraldas.gob.ec\/#\/schema\/logo\/image\/\"},\"sameAs\":[\"https:\/\/www.facebook.com\/PrefecturaEsmeraldas\/\"]}]}<\/script>\n<!-- \/ Yoast SEO plugin. -->","yoast_head_json":{"title":"Fundamental apoyo de la Prefecta de Esmeraldas permite que se implementes obras y proyectos para el cant\u00f3n Muisne. - Gobierno Aut\u00f3nomo Descentralizado de la Provincia de Esmeraldas","robots":{"index":"index","follow":"follow","max-snippet":"max-snippet:-1","max-image-preview":"max-image-preview:large","max-video-preview":"max-video-preview:-1"},"canonical":"https:\/\/prefecturadeesmeraldas.gob.ec\/index.php\/fundamental-apoyo-de-la-prefecta-de-esmeraldas-permite-que-se-implementes-obras-y-proyectos-para-el-canton-muisne\/","og_locale":"es_ES","og_type":"article","og_title":"Fundamental apoyo de la Prefecta de Esmeraldas permite que se implementes obras y proyectos para el cant\u00f3n Muisne. - Gobierno Aut\u00f3nomo Descentralizado de la Provincia de Esmeraldas","og_description":"El presidente de la Rep\u00fablica del Ecuador, Daniel Noboa, visit\u00f3 el cant\u00f3n Muisne, firmando convenios destinados a proyectos de agua potable, vialidad y adquisici\u00f3n de maquinarias pesadas. La prefecta, Roberta Zambrano, particip\u00f3 de este hist\u00f3rico suceso que, transformar\u00e1 la vida de los habitantes del cant\u00f3n Muisne, reactivar\u00e1 la econom\u00eda local, el desarrollo y brindar\u00e1 prosperidad. [&hellip;]","og_url":"https:\/\/prefecturadeesmeraldas.gob.ec\/index.php\/fundamental-apoyo-de-la-prefecta-de-esmeraldas-permite-que-se-implementes-obras-y-proyectos-para-el-canton-muisne\/","og_site_name":"Gobierno Aut\u00f3nomo Descentralizado de la Provincia de Esmeraldas","article_publisher":"https:\/\/www.facebook.com\/PrefecturaEsmeraldas\/","article_modified_time":"2025-03-14T21:25:30+00:00","og_image":[{"url":"https:\/\/prefecturadeesmeraldas.gob.ec\/wp-content\/uploads\/2025\/03\/WhatsApp-Image-2025-03-14-at-11.57.12-1.jpeg","type":"","width":"","height":""}],"twitter_card":"summary_large_image","twitter_misc":{"Tiempo de lectura":"1 minuto"},"schema":{"@context":"https:\/\/schema.org","@graph":[{"@type":"WebPage","@id":"https:\/\/prefecturadeesmeraldas.gob.ec\/index.php\/fundamental-apoyo-de-la-prefecta-de-esmeraldas-permite-que-se-implementes-obras-y-proyectos-para-el-canton-muisne\/","url":"https:\/\/prefecturadeesmeraldas.gob.ec\/index.php\/fundamental-apoyo-de-la-prefecta-de-esmeraldas-permite-que-se-implementes-obras-y-proyectos-para-el-canton-muisne\/","name":"Fundamental apoyo de la Prefecta de Esmeraldas permite que se implementes obras y proyectos para el cant\u00f3n Muisne. - Gobierno Aut\u00f3nomo Descentralizado de la Provincia de Esmeraldas","isPartOf":{"@id":"https:\/\/prefecturadeesmeraldas.gob.ec\/#website"},"primaryImageOfPage":{"@id":"https:\/\/prefecturadeesmeraldas.gob.ec\/index.php\/fundamental-apoyo-de-la-prefecta-de-esmeraldas-permite-que-se-implementes-obras-y-proyectos-para-el-canton-muisne\/#primaryimage"},"image":{"@id":"https:\/\/prefecturadeesmeraldas.gob.ec\/index.php\/fundamental-apoyo-de-la-prefecta-de-esmeraldas-permite-que-se-implementes-obras-y-proyectos-para-el-canton-muisne\/#primaryimage"},"thumbnailUrl":"https:\/\/prefecturadeesmeraldas.gob.ec\/wp-content\/uploads\/2025\/03\/WhatsApp-Image-2025-03-14-at-11.57.12-1.jpeg","datePublished":"2025-03-14T21:24:07+00:00","dateModified":"2025-03-14T21:25:30+00:00","breadcrumb":{"@id":"https:\/\/prefecturadeesmeraldas.gob.ec\/index.php\/fundamental-apoyo-de-la-prefecta-de-esmeraldas-permite-que-se-implementes-obras-y-proyectos-para-el-canton-muisne\/#breadcrumb"},"inLanguage":"es","potentialAction":[{"@type":"ReadAction","target":["https:\/\/prefecturadeesmeraldas.gob.ec\/index.php\/fundamental-apoyo-de-la-prefecta-de-esmeraldas-permite-que-se-implementes-obras-y-proyectos-para-el-canton-muisne\/"]}]},{"@type":"ImageObject","inLanguage":"es","@id":"https:\/\/prefecturadeesmeraldas.gob.ec\/index.php\/fundamental-apoyo-de-la-prefecta-de-esmeraldas-permite-que-se-implementes-obras-y-proyectos-para-el-canton-muisne\/#primaryimage","url":"https:\/\/prefecturadeesmeraldas.gob.ec\/wp-content\/uploads\/2025\/03\/WhatsApp-Image-2025-03-14-at-11.57.12-1.jpeg","contentUrl":"https:\/\/prefecturadeesmeraldas.gob.ec\/wp-content\/uploads\/2025\/03\/WhatsApp-Image-2025-03-14-at-11.57.12-1.jpeg","width":1280,"height":1280},{"@type":"BreadcrumbList","@id":"https:\/\/prefecturadeesmeraldas.gob.ec\/index.php\/fundamental-apoyo-de-la-prefecta-de-esmeraldas-permite-que-se-implementes-obras-y-proyectos-para-el-canton-muisne\/#breadcrumb","itemListElement":[{"@type":"ListItem","position":1,"name":"Home","item":"https:\/\/prefecturadeesmeraldas.gob.ec\/"},{"@type":"ListItem","position":2,"name":"Fundamental apoyo de la Prefecta de Esmeraldas permite que se implementes obras y proyectos para el cant\u00f3n Muisne."}]},{"@type":"WebSite","@id":"https:\/\/prefecturadeesmeraldas.gob.ec\/#website","url":"https:\/\/prefecturadeesmeraldas.gob.ec\/","name":"Gobierno Aut\u00f3nomo Descentralizado de la Provincia de Esmeraldas","description":"Gobierno Aut\u00f3nomo Descentralizado de la Provincia de Esmeraldas","publisher":{"@id":"https:\/\/prefecturadeesmeraldas.gob.ec\/#organization"},"potentialAction":[{"@type":"SearchAction","target":{"@type":"EntryPoint","urlTemplate":"https:\/\/prefecturadeesmeraldas.gob.ec\/?s={search_term_string}"},"query-input":{"@type":"PropertyValueSpecification","valueRequired":true,"valueName":"search_term_string"}}],"inLanguage":"es"},{"@type":"Organization","@id":"https:\/\/prefecturadeesmeraldas.gob.ec\/#organization","name":"Gobierno Aut\u00f3nomo Descentralizado de la Provincia de Esmeraldas","url":"https:\/\/prefecturadeesmeraldas.gob.ec\/","logo":{"@type":"ImageObject","inLanguage":"es","@id":"https:\/\/prefecturadeesmeraldas.gob.ec\/#\/schema\/logo\/image\/","url":"https:\/\/prefecturadeesmeraldas.gob.ec\/wp-content\/uploads\/2019\/06\/logo.png","contentUrl":"https:\/\/prefecturadeesmeraldas.gob.ec\/wp-content\/uploads\/2019\/06\/logo.png","width":859,"height":448,"caption":"Gobierno Aut\u00f3nomo Descentralizado de la Provincia de Esmeraldas"},"image":{"@id":"https:\/\/prefecturadeesmeraldas.gob.ec\/#\/schema\/logo\/image\/"},"sameAs":["https:\/\/www.facebook.com\/PrefecturaEsmeraldas\/"]}]}},"_links":{"self":[{"href":"https:\/\/prefecturadeesmeraldas.gob.ec\/index.php\/wp-json\/wp\/v2\/pages\/29144","targetHints":{"allow":["GET"]}}],"collection":[{"href":"https:\/\/prefecturadeesmeraldas.gob.ec\/index.php\/wp-json\/wp\/v2\/pages"}],"about":[{"href":"https:\/\/prefecturadeesmeraldas.gob.ec\/index.php\/wp-json\/wp\/v2\/types\/page"}],"author":[{"embeddable":true,"href":"https:\/\/prefecturadeesmeraldas.gob.ec\/index.php\/wp-json\/wp\/v2\/users\/2"}],"replies":[{"embeddable":true,"href":"https:\/\/prefecturadeesmeraldas.gob.ec\/index.php\/wp-json\/wp\/v2\/comments?post=29144"}],"version-history":[{"count":5,"href":"https:\/\/prefecturadeesmeraldas.gob.ec\/index.php\/wp-json\/wp\/v2\/pages\/29144\/revisions"}],"predecessor-version":[{"id":29151,"href":"https:\/\/prefecturadeesmeraldas.gob.ec\/index.php\/wp-json\/wp\/v2\/pages\/29144\/revisions\/29151"}],"wp:attachment":[{"href":"https:\/\/prefecturadeesmeraldas.gob.ec\/index.php\/wp-json\/wp\/v2\/media?parent=29144"}],"curies":[{"name":"wp","href":"https:\/\/api.w.org\/{rel}","templated":true}]}}