{"id":19252,"date":"2022-09-04T23:34:48","date_gmt":"2022-09-05T04:34:48","guid":{"rendered":"https:\/\/prefecturadeesmeraldas.gob.ec\/?page_id=19252"},"modified":"2022-09-04T23:45:17","modified_gmt":"2022-09-05T04:45:17","slug":"noticias-prefectura","status":"publish","type":"page","link":"https:\/\/prefecturadeesmeraldas.gob.ec\/index.php\/noticias-prefectura\/","title":{"rendered":"Noticias Prefectura"},"content":{"rendered":"\t\t<div data-elementor-type=\"wp-page\" data-elementor-id=\"19252\" class=\"elementor elementor-19252\">\n\t\t\t\t\t\t<section class=\"elementor-section elementor-top-section elementor-element elementor-element-696fb21 elementor-section-boxed elementor-section-height-default elementor-section-height-default\" data-id=\"696fb21\" data-element_type=\"section\">\n\t\t\t\t\t\t<div class=\"elementor-container elementor-column-gap-default\">\n\t\t\t\t\t<div class=\"elementor-column elementor-col-100 elementor-top-column elementor-element elementor-element-d9a6014\" data-id=\"d9a6014\" data-element_type=\"column\">\n\t\t\t<div class=\"elementor-widget-wrap elementor-element-populated\">\n\t\t\t\t\t\t<div class=\"elementor-element elementor-element-e88d9cb divider_yes elementor-widget elementor-widget-wgl-double-headings\" data-id=\"e88d9cb\" data-element_type=\"widget\" data-widget_type=\"wgl-double-headings.default\">\n\t\t\t\t<div class=\"elementor-widget-container\">\n\t\t\t\t\t<div class=\"wgl-double_heading acenter\">                <h3 class=\"dbl-title_wrapper\"><span class=\"dbl-title dbl-title_1\">Noticias<\/span>                 <\/h3>        <\/div>\t\t\t\t<\/div>\n\t\t\t\t<\/div>\n\t\t\t\t\t<\/div>\n\t\t<\/div>\n\t\t\t\t\t<\/div>\n\t\t<\/section>\n\t\t\t\t<section class=\"elementor-section elementor-top-section elementor-element elementor-element-2cfb6a5 elementor-section-boxed elementor-section-height-default elementor-section-height-default\" data-id=\"2cfb6a5\" data-element_type=\"section\">\n\t\t\t\t\t\t<div class=\"elementor-container elementor-column-gap-default\">\n\t\t\t\t\t<div class=\"elementor-column elementor-col-100 elementor-top-column elementor-element elementor-element-0e8f959\" data-id=\"0e8f959\" data-element_type=\"column\">\n\t\t\t<div class=\"elementor-widget-wrap elementor-element-populated\">\n\t\t\t\t\t\t<div class=\"elementor-element elementor-element-d2ebff1 elementor-widget elementor-widget-spacer\" data-id=\"d2ebff1\" data-element_type=\"widget\" data-widget_type=\"spacer.default\">\n\t\t\t\t<div class=\"elementor-widget-container\">\n\t\t\t\t\t\t\t<div class=\"elementor-spacer\">\n\t\t\t<div class=\"elementor-spacer-inner\"><\/div>\n\t\t<\/div>\n\t\t\t\t\t\t<\/div>\n\t\t\t\t<\/div>\n\t\t\t\t<div class=\"elementor-element elementor-element-287d8a1 elementor-widget elementor-widget-text-editor\" data-id=\"287d8a1\" data-element_type=\"widget\" data-widget_type=\"text-editor.default\">\n\t\t\t\t<div class=\"elementor-widget-container\">\n\t\t\t\t\t\t\t\t\t<p style=\"text-align: center;\">Conoce todas las acciones de Prefectura a trav\u00e9s de nuestras noticias.<\/p>\t\t\t\t\t\t\t\t<\/div>\n\t\t\t\t<\/div>\n\t\t\t\t\t<\/div>\n\t\t<\/div>\n\t\t\t\t\t<\/div>\n\t\t<\/section>\n\t\t\t\t<section class=\"elementor-section elementor-top-section elementor-element elementor-element-9e6492b elementor-section-boxed elementor-section-height-default elementor-section-height-default\" data-id=\"9e6492b\" data-element_type=\"section\">\n\t\t\t\t\t\t<div class=\"elementor-container elementor-column-gap-default\">\n\t\t\t\t\t<div class=\"elementor-column elementor-col-100 elementor-top-column elementor-element elementor-element-9c02f41\" data-id=\"9c02f41\" data-element_type=\"column\">\n\t\t\t<div class=\"elementor-widget-wrap elementor-element-populated\">\n\t\t\t\t\t\t<div class=\"elementor-element elementor-element-ad13bf5 elementor-widget elementor-widget-spacer\" data-id=\"ad13bf5\" data-element_type=\"widget\" data-widget_type=\"spacer.default\">\n\t\t\t\t<div class=\"elementor-widget-container\">\n\t\t\t\t\t\t\t<div class=\"elementor-spacer\">\n\t\t\t<div class=\"elementor-spacer-inner\"><\/div>\n\t\t<\/div>\n\t\t\t\t\t\t<\/div>\n\t\t\t\t<\/div>\n\t\t\t\t\t<\/div>\n\t\t<\/div>\n\t\t\t\t\t<\/div>\n\t\t<\/section>\n\t\t\t\t<section class=\"elementor-section elementor-top-section elementor-element elementor-element-7891677 elementor-section-boxed elementor-section-height-default elementor-section-height-default\" data-id=\"7891677\" data-element_type=\"section\">\n\t\t\t\t\t\t<div class=\"elementor-container elementor-column-gap-default\">\n\t\t\t\t\t<div class=\"elementor-column elementor-col-100 elementor-top-column elementor-element elementor-element-a5c1236\" data-id=\"a5c1236\" data-element_type=\"column\">\n\t\t\t<div class=\"elementor-widget-wrap elementor-element-populated\">\n\t\t\t\t\t\t<div class=\"elementor-element elementor-element-c749dc3 elementor-widget elementor-widget-wgl-blog\" data-id=\"c749dc3\" data-element_type=\"widget\" data-settings=\"{&quot;blog_columns&quot;:&quot;6&quot;}\" data-widget_type=\"wgl-blog.default\">\n\t\t\t\t<div class=\"elementor-widget-container\">\n\t\t\t\t\t            <section class=\"wgl_cpt_section\">\n                <div class=\"blog-posts\">\n                    <div class=\"wgl_module_title item_title\"><h3 class=\"thegov_module_title blog_title\">Descubre<\/h3><\/div><div class=\"container-grid row blog_masonry blog_columns-2 masonry blog-style-standard\"><div class=\"wgl_col-6 item\">\r\n    <div class=\"blog-post  format-standard-image\">\r\n        <div class=\"blog-post_wrapper\">\r\n\r\n            <div class=\"blog-post_media\"><div class=\"blog-post_media_part\"><a href=\"https:\/\/prefecturadeesmeraldas.gob.ec\/index.php\/2026\/04\/16\/viceprefecto-diego-zambrano-socializa-mejoras-en-sistema-de-riego-en-quininde\/\" class=\"blog-post_feature-link\"><img src='https:\/\/prefecturadeesmeraldas.gob.ec\/wp-content\/uploads\/2026\/04\/111-3-535x620-840x620.jpg' alt='111' \/><\/a><\/div><\/div>            <div class=\"blog-post_content\">\r\n            <div class=\"blog-post_content-mid\"><h3 class=\"blog-post_title\"><a href=\"https:\/\/prefecturadeesmeraldas.gob.ec\/index.php\/2026\/04\/16\/viceprefecto-diego-zambrano-socializa-mejoras-en-sistema-de-riego-en-quininde\/\">Viceprefecto Diego Zambrano socializa mejoras en sistema de riego en Quinind\u00e9.<\/a><\/h3>                        <a href=\"https:\/\/prefecturadeesmeraldas.gob.ec\/index.php\/2026\/04\/16\/viceprefecto-diego-zambrano-socializa-mejoras-en-sistema-de-riego-en-quininde\/\" class=\"button-read-more\">Leer m\u00e1s<\/a> \r\n                    <\/div>\r\n                <div class='blog-post_meta-desc'>  \r\n                                    <\/div>\r\n\r\n                            <\/div>\r\n        <\/div>\r\n    <\/div>\r\n    <\/div><div class=\"wgl_col-6 item\">\r\n    <div class=\"blog-post  format-standard-image\">\r\n        <div class=\"blog-post_wrapper\">\r\n\r\n            <div class=\"blog-post_media\"><div class=\"blog-post_media_part\"><a href=\"https:\/\/prefecturadeesmeraldas.gob.ec\/index.php\/2026\/04\/16\/prefectura-y-aliados-estrategicos-impulsan-la-seguridad-alimentaria-en-zonas-rurales\/\" class=\"blog-post_feature-link\"><img src='https:\/\/prefecturadeesmeraldas.gob.ec\/wp-content\/uploads\/2026\/04\/111-2-840x620-840x620.jpg' alt='111' \/><\/a><\/div><\/div>            <div class=\"blog-post_content\">\r\n            <div class=\"blog-post_content-mid\"><h3 class=\"blog-post_title\"><a href=\"https:\/\/prefecturadeesmeraldas.gob.ec\/index.php\/2026\/04\/16\/prefectura-y-aliados-estrategicos-impulsan-la-seguridad-alimentaria-en-zonas-rurales\/\">Prefectura y aliados estrat\u00e9gicos impulsan la seguridad alimentaria en zonas rurales.<\/a><\/h3>                        <a href=\"https:\/\/prefecturadeesmeraldas.gob.ec\/index.php\/2026\/04\/16\/prefectura-y-aliados-estrategicos-impulsan-la-seguridad-alimentaria-en-zonas-rurales\/\" class=\"button-read-more\">Leer m\u00e1s<\/a> \r\n                    <\/div>\r\n                <div class='blog-post_meta-desc'>  \r\n                                    <\/div>\r\n\r\n                            <\/div>\r\n        <\/div>\r\n    <\/div>\r\n    <\/div><div class=\"wgl_col-6 item\">\r\n    <div class=\"blog-post  format-standard-image\">\r\n        <div class=\"blog-post_wrapper\">\r\n\r\n            <div class=\"blog-post_media\"><div class=\"blog-post_media_part\"><a href=\"https:\/\/prefecturadeesmeraldas.gob.ec\/index.php\/2026\/04\/16\/prefectura-fortalece-la-atencion-en-salud-con-brigadas-medicas-en-zonas-rurales-de-la-provincia\/\" class=\"blog-post_feature-link\"><img src='https:\/\/prefecturadeesmeraldas.gob.ec\/wp-content\/uploads\/2026\/04\/111-1-672x620-840x620.jpg' alt='111' \/><\/a><\/div><\/div>            <div class=\"blog-post_content\">\r\n            <div class=\"blog-post_content-mid\"><h3 class=\"blog-post_title\"><a href=\"https:\/\/prefecturadeesmeraldas.gob.ec\/index.php\/2026\/04\/16\/prefectura-fortalece-la-atencion-en-salud-con-brigadas-medicas-en-zonas-rurales-de-la-provincia\/\">Prefectura fortalece la atenci\u00f3n en salud con brigadas m\u00e9dicas en zonas rurales de la provincia.<\/a><\/h3>                        <a href=\"https:\/\/prefecturadeesmeraldas.gob.ec\/index.php\/2026\/04\/16\/prefectura-fortalece-la-atencion-en-salud-con-brigadas-medicas-en-zonas-rurales-de-la-provincia\/\" class=\"button-read-more\">Leer m\u00e1s<\/a> \r\n                    <\/div>\r\n                <div class='blog-post_meta-desc'>  \r\n                                    <\/div>\r\n\r\n                            <\/div>\r\n        <\/div>\r\n    <\/div>\r\n    <\/div><div class=\"wgl_col-6 item\">\r\n    <div class=\"blog-post  format-standard-image\">\r\n        <div class=\"blog-post_wrapper\">\r\n\r\n            <div class=\"blog-post_media\"><div class=\"blog-post_media_part\"><a href=\"https:\/\/prefecturadeesmeraldas.gob.ec\/index.php\/2026\/04\/08\/importancia-del-cepillado-para-una-buena-salud-bucal\/\" class=\"blog-post_feature-link\"><img src='https:\/\/prefecturadeesmeraldas.gob.ec\/wp-content\/uploads\/2026\/04\/111-665x620-840x620.png' alt='111' \/><\/a><\/div><\/div>            <div class=\"blog-post_content\">\r\n            <div class=\"blog-post_content-mid\"><h3 class=\"blog-post_title\"><a href=\"https:\/\/prefecturadeesmeraldas.gob.ec\/index.php\/2026\/04\/08\/importancia-del-cepillado-para-una-buena-salud-bucal\/\">Importancia del cepillado para una buena salud bucal.<\/a><\/h3>                        <a href=\"https:\/\/prefecturadeesmeraldas.gob.ec\/index.php\/2026\/04\/08\/importancia-del-cepillado-para-una-buena-salud-bucal\/\" class=\"button-read-more\">Leer m\u00e1s<\/a> \r\n                    <\/div>\r\n                <div class='blog-post_meta-desc'>  \r\n                                    <\/div>\r\n\r\n                            <\/div>\r\n        <\/div>\r\n    <\/div>\r\n    <\/div><div class=\"wgl_col-6 item\">\r\n    <div class=\"blog-post  format-standard-image\">\r\n        <div class=\"blog-post_wrapper\">\r\n\r\n            <div class=\"blog-post_media\"><div class=\"blog-post_media_part\"><a href=\"https:\/\/prefecturadeesmeraldas.gob.ec\/index.php\/2026\/04\/08\/avanza-rehabilitacion-de-la-via-e20-esmeraldas-quininde-en-un-42\/\" class=\"blog-post_feature-link\"><img src='https:\/\/prefecturadeesmeraldas.gob.ec\/wp-content\/uploads\/2026\/04\/6.jpg-4-840x620-840x620.jpeg' alt='6.jpg (4)' \/><\/a><\/div><\/div>            <div class=\"blog-post_content\">\r\n            <div class=\"blog-post_content-mid\"><h3 class=\"blog-post_title\"><a href=\"https:\/\/prefecturadeesmeraldas.gob.ec\/index.php\/2026\/04\/08\/avanza-rehabilitacion-de-la-via-e20-esmeraldas-quininde-en-un-42\/\">Avanza rehabilitaci\u00f3n de la v\u00eda E20 Esmeraldas \u2013 Quinind\u00e9 en un 42%<\/a><\/h3>                        <a href=\"https:\/\/prefecturadeesmeraldas.gob.ec\/index.php\/2026\/04\/08\/avanza-rehabilitacion-de-la-via-e20-esmeraldas-quininde-en-un-42\/\" class=\"button-read-more\">Leer m\u00e1s<\/a> \r\n                    <\/div>\r\n                <div class='blog-post_meta-desc'>  \r\n                                    <\/div>\r\n\r\n                            <\/div>\r\n        <\/div>\r\n    <\/div>\r\n    <\/div><div class=\"wgl_col-6 item\">\r\n    <div class=\"blog-post  format-standard-image\">\r\n        <div class=\"blog-post_wrapper\">\r\n\r\n            <div class=\"blog-post_media\"><div class=\"blog-post_media_part\"><a href=\"https:\/\/prefecturadeesmeraldas.gob.ec\/index.php\/2026\/04\/08\/afectados-por-derrame-de-crudo-solicitan-que-la-prefecta-lidere-sus-reclamos\/\" class=\"blog-post_feature-link\"><img src='https:\/\/prefecturadeesmeraldas.gob.ec\/wp-content\/uploads\/2026\/04\/12.jpg-840x620-840x620.jpeg' alt='12.jpg' \/><\/a><\/div><\/div>            <div class=\"blog-post_content\">\r\n            <div class=\"blog-post_content-mid\"><h3 class=\"blog-post_title\"><a href=\"https:\/\/prefecturadeesmeraldas.gob.ec\/index.php\/2026\/04\/08\/afectados-por-derrame-de-crudo-solicitan-que-la-prefecta-lidere-sus-reclamos\/\">Afectados por derrame de crudo solicitan que la prefecta lidere sus reclamos.<\/a><\/h3>                        <a href=\"https:\/\/prefecturadeesmeraldas.gob.ec\/index.php\/2026\/04\/08\/afectados-por-derrame-de-crudo-solicitan-que-la-prefecta-lidere-sus-reclamos\/\" class=\"button-read-more\">Leer m\u00e1s<\/a> \r\n                    <\/div>\r\n                <div class='blog-post_meta-desc'>  \r\n                                    <\/div>\r\n\r\n                            <\/div>\r\n        <\/div>\r\n    <\/div>\r\n    <\/div><\/div>                <\/div>\n        <ul class=\"wgl-pagination \"><li class=\"page\"><span aria-current=\"page\" class=\"page-numbers current\">1<\/span><\/li><li class=\"page\"><a class=\"page-numbers\" href=\"https:\/\/prefecturadeesmeraldas.gob.ec\/index.php\/wp-json\/wp\/v2\/pages\/19252\/page\/2\/\">2<\/a><\/li><li class=\"page\"><a class=\"page-numbers\" href=\"https:\/\/prefecturadeesmeraldas.gob.ec\/index.php\/wp-json\/wp\/v2\/pages\/19252\/page\/3\/\">3<\/a><\/li><li class=\"page\"><span class=\"page-numbers dots\">&hellip;<\/span><\/li><li class=\"page\"><a class=\"page-numbers\" href=\"https:\/\/prefecturadeesmeraldas.gob.ec\/index.php\/wp-json\/wp\/v2\/pages\/19252\/page\/519\/\">519<\/a><\/li><li class=\"page\"><a class=\"next page-numbers\" href=\"https:\/\/prefecturadeesmeraldas.gob.ec\/index.php\/wp-json\/wp\/v2\/pages\/19252\/page\/2\/\"><i class=\"fa flaticon-right\"><\/i><\/a><\/li><\/ul><\/section>\t\t\t\t<\/div>\n\t\t\t\t<\/div>\n\t\t\t\t\t<\/div>\n\t\t<\/div>\n\t\t\t\t\t<\/div>\n\t\t<\/section>\n\t\t\t\t<section class=\"elementor-section elementor-top-section elementor-element elementor-element-8c771f1 elementor-section-boxed elementor-section-height-default elementor-section-height-default\" data-id=\"8c771f1\" data-element_type=\"section\">\n\t\t\t\t\t\t<div class=\"elementor-container elementor-column-gap-default\">\n\t\t\t\t\t<div class=\"elementor-column elementor-col-100 elementor-top-column elementor-element elementor-element-37a107c\" data-id=\"37a107c\" data-element_type=\"column\">\n\t\t\t<div class=\"elementor-widget-wrap elementor-element-populated\">\n\t\t\t\t\t\t<div class=\"elementor-element elementor-element-6881cda elementor-widget elementor-widget-spacer\" data-id=\"6881cda\" data-element_type=\"widget\" data-widget_type=\"spacer.default\">\n\t\t\t\t<div class=\"elementor-widget-container\">\n\t\t\t\t\t\t\t<div class=\"elementor-spacer\">\n\t\t\t<div class=\"elementor-spacer-inner\"><\/div>\n\t\t<\/div>\n\t\t\t\t\t\t<\/div>\n\t\t\t\t<\/div>\n\t\t\t\t\t<\/div>\n\t\t<\/div>\n\t\t\t\t\t<\/div>\n\t\t<\/section>\n\t\t\t\t<\/div>\n\t\t","protected":false},"excerpt":{"rendered":"<p>Noticias Conoce todas las acciones de Prefectura a trav\u00e9s de nuestras noticias. Descubre Prefectura de Esmeraldas obtiene financiamiento para la adquisici\u00f3n de nueva maquinaria. Leer m\u00e1s Cooperaci\u00f3n T\u00e9cnica Alemana y Prefectura de Esmeraldas: un equipo que trabaja por la salud de los esmeralde\u00f1os. Leer m\u00e1s Prefectura fortalece la actividad deportiva juvenil en Tonsupa. Leer m\u00e1s [&hellip;]<\/p>\n","protected":false},"author":2,"featured_media":0,"parent":0,"menu_order":0,"comment_status":"closed","ping_status":"closed","template":"","meta":{"footnotes":""},"class_list":["post-19252","page","type-page","status-publish","hentry"],"yoast_head":"<!-- This site is optimized with the Yoast SEO plugin v25.7 - https:\/\/yoast.com\/wordpress\/plugins\/seo\/ -->\n<title>Noticias Prefectura - Gobierno Aut\u00f3nomo Descentralizado de la Provincia de Esmeraldas<\/title>\n<meta name=\"robots\" content=\"index, follow, max-snippet:-1, max-image-preview:large, max-video-preview:-1\" \/>\n<link rel=\"canonical\" href=\"https:\/\/prefecturadeesmeraldas.gob.ec\/index.php\/noticias-prefectura\/\" \/>\n<meta property=\"og:locale\" content=\"es_ES\" \/>\n<meta property=\"og:type\" content=\"article\" \/>\n<meta property=\"og:title\" content=\"Noticias Prefectura - Gobierno Aut\u00f3nomo Descentralizado de la Provincia de Esmeraldas\" \/>\n<meta property=\"og:description\" content=\"Noticias Conoce todas las acciones de Prefectura a trav\u00e9s de nuestras noticias. Descubre Prefectura de Esmeraldas obtiene financiamiento para la adquisici\u00f3n de nueva maquinaria. Leer m\u00e1s Cooperaci\u00f3n T\u00e9cnica Alemana y Prefectura de Esmeraldas: un equipo que trabaja por la salud de los esmeralde\u00f1os. Leer m\u00e1s Prefectura fortalece la actividad deportiva juvenil en Tonsupa. Leer m\u00e1s [&hellip;]\" \/>\n<meta property=\"og:url\" content=\"https:\/\/prefecturadeesmeraldas.gob.ec\/index.php\/noticias-prefectura\/\" \/>\n<meta property=\"og:site_name\" content=\"Gobierno Aut\u00f3nomo Descentralizado de la Provincia de Esmeraldas\" \/>\n<meta property=\"article:publisher\" content=\"https:\/\/www.facebook.com\/PrefecturaEsmeraldas\/\" \/>\n<meta property=\"article:modified_time\" content=\"2022-09-05T04:45:17+00:00\" \/>\n<meta property=\"og:image\" content=\"https:\/\/prefecturadeesmeraldas.gob.ec\/wp-content\/uploads\/2022\/08\/Imagen4-1-840x620.jpg\" \/>\n<meta name=\"twitter:card\" content=\"summary_large_image\" \/>\n<meta name=\"twitter:label1\" content=\"Tiempo de lectura\" \/>\n\t<meta name=\"twitter:data1\" content=\"12 minutos\" \/>\n<script type=\"application\/ld+json\" class=\"yoast-schema-graph\">{\"@context\":\"https:\/\/schema.org\",\"@graph\":[{\"@type\":\"WebPage\",\"@id\":\"https:\/\/prefecturadeesmeraldas.gob.ec\/index.php\/noticias-prefectura\/\",\"url\":\"https:\/\/prefecturadeesmeraldas.gob.ec\/index.php\/noticias-prefectura\/\",\"name\":\"Noticias Prefectura - Gobierno Aut\u00f3nomo Descentralizado de la Provincia de Esmeraldas\",\"isPartOf\":{\"@id\":\"https:\/\/prefecturadeesmeraldas.gob.ec\/#website\"},\"primaryImageOfPage\":{\"@id\":\"https:\/\/prefecturadeesmeraldas.gob.ec\/index.php\/noticias-prefectura\/#primaryimage\"},\"image\":{\"@id\":\"https:\/\/prefecturadeesmeraldas.gob.ec\/index.php\/noticias-prefectura\/#primaryimage\"},\"thumbnailUrl\":\"https:\/\/prefecturadeesmeraldas.gob.ec\/wp-content\/uploads\/2022\/08\/Imagen4-1-840x620.jpg\",\"datePublished\":\"2022-09-05T04:34:48+00:00\",\"dateModified\":\"2022-09-05T04:45:17+00:00\",\"breadcrumb\":{\"@id\":\"https:\/\/prefecturadeesmeraldas.gob.ec\/index.php\/noticias-prefectura\/#breadcrumb\"},\"inLanguage\":\"es\",\"potentialAction\":[{\"@type\":\"ReadAction\",\"target\":[\"https:\/\/prefecturadeesmeraldas.gob.ec\/index.php\/noticias-prefectura\/\"]}]},{\"@type\":\"ImageObject\",\"inLanguage\":\"es\",\"@id\":\"https:\/\/prefecturadeesmeraldas.gob.ec\/index.php\/noticias-prefectura\/#primaryimage\",\"url\":\"https:\/\/prefecturadeesmeraldas.gob.ec\/wp-content\/uploads\/2022\/08\/Imagen4-1.jpg\",\"contentUrl\":\"https:\/\/prefecturadeesmeraldas.gob.ec\/wp-content\/uploads\/2022\/08\/Imagen4-1.jpg\",\"width\":336,\"height\":336},{\"@type\":\"BreadcrumbList\",\"@id\":\"https:\/\/prefecturadeesmeraldas.gob.ec\/index.php\/noticias-prefectura\/#breadcrumb\",\"itemListElement\":[{\"@type\":\"ListItem\",\"position\":1,\"name\":\"Home\",\"item\":\"https:\/\/prefecturadeesmeraldas.gob.ec\/\"},{\"@type\":\"ListItem\",\"position\":2,\"name\":\"Noticias Prefectura\"}]},{\"@type\":\"WebSite\",\"@id\":\"https:\/\/prefecturadeesmeraldas.gob.ec\/#website\",\"url\":\"https:\/\/prefecturadeesmeraldas.gob.ec\/\",\"name\":\"Gobierno Aut\u00f3nomo Descentralizado de la Provincia de Esmeraldas\",\"description\":\"Gobierno Aut\u00f3nomo Descentralizado de la Provincia de Esmeraldas\",\"publisher\":{\"@id\":\"https:\/\/prefecturadeesmeraldas.gob.ec\/#organization\"},\"potentialAction\":[{\"@type\":\"SearchAction\",\"target\":{\"@type\":\"EntryPoint\",\"urlTemplate\":\"https:\/\/prefecturadeesmeraldas.gob.ec\/?s={search_term_string}\"},\"query-input\":{\"@type\":\"PropertyValueSpecification\",\"valueRequired\":true,\"valueName\":\"search_term_string\"}}],\"inLanguage\":\"es\"},{\"@type\":\"Organization\",\"@id\":\"https:\/\/prefecturadeesmeraldas.gob.ec\/#organization\",\"name\":\"Gobierno Aut\u00f3nomo Descentralizado de la Provincia de Esmeraldas\",\"url\":\"https:\/\/prefecturadeesmeraldas.gob.ec\/\",\"logo\":{\"@type\":\"ImageObject\",\"inLanguage\":\"es\",\"@id\":\"https:\/\/prefecturadeesmeraldas.gob.ec\/#\/schema\/logo\/image\/\",\"url\":\"https:\/\/prefecturadeesmeraldas.gob.ec\/wp-content\/uploads\/2019\/06\/logo.png\",\"contentUrl\":\"https:\/\/prefecturadeesmeraldas.gob.ec\/wp-content\/uploads\/2019\/06\/logo.png\",\"width\":859,\"height\":448,\"caption\":\"Gobierno Aut\u00f3nomo Descentralizado de la Provincia de Esmeraldas\"},\"image\":{\"@id\":\"https:\/\/prefecturadeesmeraldas.gob.ec\/#\/schema\/logo\/image\/\"},\"sameAs\":[\"https:\/\/www.facebook.com\/PrefecturaEsmeraldas\/\"]}]}<\/script>\n<!-- \/ Yoast SEO plugin. -->","yoast_head_json":{"title":"Noticias Prefectura - Gobierno Aut\u00f3nomo Descentralizado de la Provincia de Esmeraldas","robots":{"index":"index","follow":"follow","max-snippet":"max-snippet:-1","max-image-preview":"max-image-preview:large","max-video-preview":"max-video-preview:-1"},"canonical":"https:\/\/prefecturadeesmeraldas.gob.ec\/index.php\/noticias-prefectura\/","og_locale":"es_ES","og_type":"article","og_title":"Noticias Prefectura - Gobierno Aut\u00f3nomo Descentralizado de la Provincia de Esmeraldas","og_description":"Noticias Conoce todas las acciones de Prefectura a trav\u00e9s de nuestras noticias. Descubre Prefectura de Esmeraldas obtiene financiamiento para la adquisici\u00f3n de nueva maquinaria. Leer m\u00e1s Cooperaci\u00f3n T\u00e9cnica Alemana y Prefectura de Esmeraldas: un equipo que trabaja por la salud de los esmeralde\u00f1os. Leer m\u00e1s Prefectura fortalece la actividad deportiva juvenil en Tonsupa. Leer m\u00e1s [&hellip;]","og_url":"https:\/\/prefecturadeesmeraldas.gob.ec\/index.php\/noticias-prefectura\/","og_site_name":"Gobierno Aut\u00f3nomo Descentralizado de la Provincia de Esmeraldas","article_publisher":"https:\/\/www.facebook.com\/PrefecturaEsmeraldas\/","article_modified_time":"2022-09-05T04:45:17+00:00","og_image":[{"url":"https:\/\/prefecturadeesmeraldas.gob.ec\/wp-content\/uploads\/2022\/08\/Imagen4-1-840x620.jpg","type":"","width":"","height":""}],"twitter_card":"summary_large_image","twitter_misc":{"Tiempo de lectura":"12 minutos"},"schema":{"@context":"https:\/\/schema.org","@graph":[{"@type":"WebPage","@id":"https:\/\/prefecturadeesmeraldas.gob.ec\/index.php\/noticias-prefectura\/","url":"https:\/\/prefecturadeesmeraldas.gob.ec\/index.php\/noticias-prefectura\/","name":"Noticias Prefectura - Gobierno Aut\u00f3nomo Descentralizado de la Provincia de Esmeraldas","isPartOf":{"@id":"https:\/\/prefecturadeesmeraldas.gob.ec\/#website"},"primaryImageOfPage":{"@id":"https:\/\/prefecturadeesmeraldas.gob.ec\/index.php\/noticias-prefectura\/#primaryimage"},"image":{"@id":"https:\/\/prefecturadeesmeraldas.gob.ec\/index.php\/noticias-prefectura\/#primaryimage"},"thumbnailUrl":"https:\/\/prefecturadeesmeraldas.gob.ec\/wp-content\/uploads\/2022\/08\/Imagen4-1-840x620.jpg","datePublished":"2022-09-05T04:34:48+00:00","dateModified":"2022-09-05T04:45:17+00:00","breadcrumb":{"@id":"https:\/\/prefecturadeesmeraldas.gob.ec\/index.php\/noticias-prefectura\/#breadcrumb"},"inLanguage":"es","potentialAction":[{"@type":"ReadAction","target":["https:\/\/prefecturadeesmeraldas.gob.ec\/index.php\/noticias-prefectura\/"]}]},{"@type":"ImageObject","inLanguage":"es","@id":"https:\/\/prefecturadeesmeraldas.gob.ec\/index.php\/noticias-prefectura\/#primaryimage","url":"https:\/\/prefecturadeesmeraldas.gob.ec\/wp-content\/uploads\/2022\/08\/Imagen4-1.jpg","contentUrl":"https:\/\/prefecturadeesmeraldas.gob.ec\/wp-content\/uploads\/2022\/08\/Imagen4-1.jpg","width":336,"height":336},{"@type":"BreadcrumbList","@id":"https:\/\/prefecturadeesmeraldas.gob.ec\/index.php\/noticias-prefectura\/#breadcrumb","itemListElement":[{"@type":"ListItem","position":1,"name":"Home","item":"https:\/\/prefecturadeesmeraldas.gob.ec\/"},{"@type":"ListItem","position":2,"name":"Noticias Prefectura"}]},{"@type":"WebSite","@id":"https:\/\/prefecturadeesmeraldas.gob.ec\/#website","url":"https:\/\/prefecturadeesmeraldas.gob.ec\/","name":"Gobierno Aut\u00f3nomo Descentralizado de la Provincia de Esmeraldas","description":"Gobierno Aut\u00f3nomo Descentralizado de la Provincia de Esmeraldas","publisher":{"@id":"https:\/\/prefecturadeesmeraldas.gob.ec\/#organization"},"potentialAction":[{"@type":"SearchAction","target":{"@type":"EntryPoint","urlTemplate":"https:\/\/prefecturadeesmeraldas.gob.ec\/?s={search_term_string}"},"query-input":{"@type":"PropertyValueSpecification","valueRequired":true,"valueName":"search_term_string"}}],"inLanguage":"es"},{"@type":"Organization","@id":"https:\/\/prefecturadeesmeraldas.gob.ec\/#organization","name":"Gobierno Aut\u00f3nomo Descentralizado de la Provincia de Esmeraldas","url":"https:\/\/prefecturadeesmeraldas.gob.ec\/","logo":{"@type":"ImageObject","inLanguage":"es","@id":"https:\/\/prefecturadeesmeraldas.gob.ec\/#\/schema\/logo\/image\/","url":"https:\/\/prefecturadeesmeraldas.gob.ec\/wp-content\/uploads\/2019\/06\/logo.png","contentUrl":"https:\/\/prefecturadeesmeraldas.gob.ec\/wp-content\/uploads\/2019\/06\/logo.png","width":859,"height":448,"caption":"Gobierno Aut\u00f3nomo Descentralizado de la Provincia de Esmeraldas"},"image":{"@id":"https:\/\/prefecturadeesmeraldas.gob.ec\/#\/schema\/logo\/image\/"},"sameAs":["https:\/\/www.facebook.com\/PrefecturaEsmeraldas\/"]}]}},"_links":{"self":[{"href":"https:\/\/prefecturadeesmeraldas.gob.ec\/index.php\/wp-json\/wp\/v2\/pages\/19252","targetHints":{"allow":["GET"]}}],"collection":[{"href":"https:\/\/prefecturadeesmeraldas.gob.ec\/index.php\/wp-json\/wp\/v2\/pages"}],"about":[{"href":"https:\/\/prefecturadeesmeraldas.gob.ec\/index.php\/wp-json\/wp\/v2\/types\/page"}],"author":[{"embeddable":true,"href":"https:\/\/prefecturadeesmeraldas.gob.ec\/index.php\/wp-json\/wp\/v2\/users\/2"}],"replies":[{"embeddable":true,"href":"https:\/\/prefecturadeesmeraldas.gob.ec\/index.php\/wp-json\/wp\/v2\/comments?post=19252"}],"version-history":[{"count":0,"href":"https:\/\/prefecturadeesmeraldas.gob.ec\/index.php\/wp-json\/wp\/v2\/pages\/19252\/revisions"}],"wp:attachment":[{"href":"https:\/\/prefecturadeesmeraldas.gob.ec\/index.php\/wp-json\/wp\/v2\/media?parent=19252"}],"curies":[{"name":"wp","href":"https:\/\/api.w.org\/{rel}","templated":true}]}}