{"id":15571,"date":"2022-04-06T10:11:41","date_gmt":"2022-04-06T15:11:41","guid":{"rendered":"https:\/\/prefecturadeesmeraldas.gob.ec\/?page_id=15571"},"modified":"2022-04-25T16:00:20","modified_gmt":"2022-04-25T21:00:20","slug":"rendicion-de-cuentas-ecodep-2021","status":"publish","type":"page","link":"https:\/\/prefecturadeesmeraldas.gob.ec\/index.php\/rendicion-de-cuentas-ecodep-2021\/","title":{"rendered":"RENDICI\u00d3N DE CUENTAS ECODEP 2021"},"content":{"rendered":"\t\t<div data-elementor-type=\"wp-post\" data-elementor-id=\"15571\" class=\"elementor elementor-15571\">\n\t\t\t\t\t\t<section class=\"elementor-section elementor-top-section elementor-element elementor-element-e1b2556 elementor-section-boxed elementor-section-height-default elementor-section-height-default\" data-id=\"e1b2556\" data-element_type=\"section\">\n\t\t\t\t\t\t<div class=\"elementor-container elementor-column-gap-default\">\n\t\t\t\t\t<div class=\"elementor-column elementor-col-100 elementor-top-column elementor-element elementor-element-505d776\" data-id=\"505d776\" data-element_type=\"column\">\n\t\t\t<div class=\"elementor-widget-wrap elementor-element-populated\">\n\t\t\t\t\t\t<div class=\"elementor-element elementor-element-364ec70 elementor-widget elementor-widget-image\" data-id=\"364ec70\" data-element_type=\"widget\" data-widget_type=\"image.default\">\n\t\t\t\t<div class=\"elementor-widget-container\">\n\t\t\t\t\t\t\t\t\t\t\t\t\t\t\t\t<a href=\"https:\/\/prefecturadeesmeraldas.gob.ec\/wp-content\/uploads\/2022\/04\/RENDICION-DE-CUENTAS-2021-1.pdf\" target=\"_blank\">\n\t\t\t\t\t\t\t<img fetchpriority=\"high\" decoding=\"async\" width=\"771\" height=\"791\" src=\"https:\/\/prefecturadeesmeraldas.gob.ec\/wp-content\/uploads\/2022\/04\/Captura-de-pantalla-2022-04-06-101430.png\" class=\"attachment-large size-large wp-image-15574\" alt=\"\" srcset=\"https:\/\/prefecturadeesmeraldas.gob.ec\/wp-content\/uploads\/2022\/04\/Captura-de-pantalla-2022-04-06-101430.png 771w, https:\/\/prefecturadeesmeraldas.gob.ec\/wp-content\/uploads\/2022\/04\/Captura-de-pantalla-2022-04-06-101430-292x300.png 292w, https:\/\/prefecturadeesmeraldas.gob.ec\/wp-content\/uploads\/2022\/04\/Captura-de-pantalla-2022-04-06-101430-768x788.png 768w\" sizes=\"(max-width: 771px) 100vw, 771px\" \/>\t\t\t\t\t\t\t\t<\/a>\n\t\t\t\t\t\t\t\t\t\t\t\t\t\t\t<\/div>\n\t\t\t\t<\/div>\n\t\t\t\t\t<\/div>\n\t\t<\/div>\n\t\t\t\t\t<\/div>\n\t\t<\/section>\n\t\t\t\t<section class=\"elementor-section elementor-top-section elementor-element elementor-element-19aeecf elementor-section-boxed elementor-section-height-default elementor-section-height-default\" data-id=\"19aeecf\" data-element_type=\"section\">\n\t\t\t\t\t\t<div class=\"elementor-container elementor-column-gap-default\">\n\t\t\t\t\t<div class=\"elementor-column elementor-col-100 elementor-top-column elementor-element elementor-element-789f878\" data-id=\"789f878\" data-element_type=\"column\">\n\t\t\t<div class=\"elementor-widget-wrap elementor-element-populated\">\n\t\t\t\t\t\t<div class=\"elementor-element elementor-element-42695f3 elementor-align-center elementor-widget elementor-widget-button\" data-id=\"42695f3\" data-element_type=\"widget\" data-widget_type=\"button.default\">\n\t\t\t\t<div class=\"elementor-widget-container\">\n\t\t\t\t\t\t\t\t\t<div class=\"elementor-button-wrapper\">\n\t\t\t\t\t<a class=\"elementor-button elementor-button-link elementor-size-sm\" href=\"https:\/\/prefecturadeesmeraldas.gob.ec\/wp-content\/uploads\/2022\/04\/RENDICION-DE-CUENTAS-2021-1.pdf\" target=\"_blank\">\n\t\t\t\t\t\t<span class=\"elementor-button-content-wrapper\">\n\t\t\t\t\t\t\t\t\t<span class=\"elementor-button-text\">Haz clic aqu\u00ed PDF<\/span>\n\t\t\t\t\t<\/span>\n\t\t\t\t\t<\/a>\n\t\t\t\t<\/div>\n\t\t\t\t\t\t\t\t<\/div>\n\t\t\t\t<\/div>\n\t\t\t\t\t<\/div>\n\t\t<\/div>\n\t\t\t\t\t<\/div>\n\t\t<\/section>\n\t\t\t\t<section class=\"elementor-section elementor-top-section elementor-element elementor-element-69b3e76 elementor-section-boxed elementor-section-height-default elementor-section-height-default\" data-id=\"69b3e76\" data-element_type=\"section\">\n\t\t\t\t\t\t<div class=\"elementor-container elementor-column-gap-default\">\n\t\t\t\t\t<div class=\"elementor-column elementor-col-100 elementor-top-column elementor-element elementor-element-d4651cc\" data-id=\"d4651cc\" data-element_type=\"column\">\n\t\t\t<div class=\"elementor-widget-wrap elementor-element-populated\">\n\t\t\t\t\t\t<div class=\"elementor-element elementor-element-3f33f70 elementor-widget elementor-widget-video\" data-id=\"3f33f70\" data-element_type=\"widget\" data-settings=\"{&quot;youtube_url&quot;:&quot;https:\\\/\\\/www.youtube.com\\\/watch?v=Yf47vA3nVxw&quot;,&quot;video_type&quot;:&quot;youtube&quot;,&quot;controls&quot;:&quot;yes&quot;}\" data-widget_type=\"video.default\">\n\t\t\t\t<div class=\"elementor-widget-container\">\n\t\t\t\t\t\t\t<div class=\"elementor-wrapper elementor-open-inline\">\n\t\t\t<div class=\"elementor-video\"><\/div>\t\t<\/div>\n\t\t\t\t\t\t<\/div>\n\t\t\t\t<\/div>\n\t\t\t\t\t<\/div>\n\t\t<\/div>\n\t\t\t\t\t<\/div>\n\t\t<\/section>\n\t\t\t\t<section class=\"elementor-section elementor-top-section elementor-element elementor-element-c026a5b elementor-section-boxed elementor-section-height-default elementor-section-height-default\" data-id=\"c026a5b\" data-element_type=\"section\">\n\t\t\t\t\t\t<div class=\"elementor-container elementor-column-gap-default\">\n\t\t\t\t\t<div class=\"elementor-column elementor-col-100 elementor-top-column elementor-element elementor-element-1b78f8c\" data-id=\"1b78f8c\" data-element_type=\"column\">\n\t\t\t<div class=\"elementor-widget-wrap elementor-element-populated\">\n\t\t\t\t\t\t<div class=\"elementor-element elementor-element-d04aee1 elementor-widget elementor-widget-heading\" data-id=\"d04aee1\" data-element_type=\"widget\" data-widget_type=\"heading.default\">\n\t\t\t\t<div class=\"elementor-widget-container\">\n\t\t\t\t\t<h2 class=\"elementor-heading-title elementor-size-default\">FORMULARIO DE APORTES CIUDADANOS RESPECTO A LA GESTI\u00d3N REALIZADA DURANTE EL A\u00d1O 2021<\/h2>\t\t\t\t<\/div>\n\t\t\t\t<\/div>\n\t\t\t\t\t<\/div>\n\t\t<\/div>\n\t\t\t\t\t<\/div>\n\t\t<\/section>\n\t\t\t\t<section class=\"elementor-section elementor-top-section elementor-element elementor-element-799022b elementor-section-boxed elementor-section-height-default elementor-section-height-default\" data-id=\"799022b\" data-element_type=\"section\">\n\t\t\t\t\t\t<div class=\"elementor-container elementor-column-gap-default\">\n\t\t\t\t\t<div class=\"elementor-column elementor-col-100 elementor-top-column elementor-element elementor-element-f423b1c\" data-id=\"f423b1c\" data-element_type=\"column\">\n\t\t\t<div class=\"elementor-widget-wrap elementor-element-populated\">\n\t\t\t\t\t\t<div class=\"elementor-element elementor-element-669a21d elementor-widget elementor-widget-shortcode\" data-id=\"669a21d\" data-element_type=\"widget\" data-widget_type=\"shortcode.default\">\n\t\t\t\t<div class=\"elementor-widget-container\">\n\t\t\t\t\t\t\t<div class=\"elementor-shortcode\"><div class=\"wpforms-container wpforms-container-full\" id=\"wpforms-10966\"><form id=\"wpforms-form-10966\" class=\"wpforms-validate wpforms-form\" data-formid=\"10966\" method=\"post\" enctype=\"multipart\/form-data\" action=\"\/index.php\/wp-json\/wp\/v2\/pages\/15571\" data-token=\"94432de4dbd4c3a78a160515e0d1a19f\" data-token-time=\"1777487932\"><noscript class=\"wpforms-error-noscript\">Por favor, activa JavaScript en tu navegador para completar este formulario.<\/noscript><div class=\"wpforms-field-container\"><div id=\"wpforms-10966-field_1-container\" class=\"wpforms-field wpforms-field-text\" data-field-id=\"1\"><label class=\"wpforms-field-label\" for=\"wpforms-10966-field_1\">Nombre y Apellido del Ciudadano\/a: <span class=\"wpforms-required-label\">*<\/span><\/label><input type=\"text\" id=\"wpforms-10966-field_1\" class=\"wpforms-field-large wpforms-field-required\" name=\"wpforms[fields][1]\" required><div class=\"wpforms-field-description\">Registre s\u00f3lo caracteres p. ej. Juan Peralta<\/div><\/div><div id=\"wpforms-10966-field_2-container\" class=\"wpforms-field wpforms-field-number\" data-field-id=\"2\"><label class=\"wpforms-field-label\" for=\"wpforms-10966-field_2\">Edad <span class=\"wpforms-required-label\">*<\/span><\/label><input type=\"number\" id=\"wpforms-10966-field_2\" class=\"wpforms-field-small wpforms-field-required\" name=\"wpforms[fields][2]\" step=\"any\" required><div class=\"wpforms-field-description\">S\u00f3lo se pueden introducir n\u00fameros en este campo.<\/div><\/div><div id=\"wpforms-10966-field_3-container\" class=\"wpforms-field wpforms-field-radio\" data-field-id=\"3\"><label class=\"wpforms-field-label\">G\u00e9nero <span class=\"wpforms-required-label\">*<\/span><\/label><ul id=\"wpforms-10966-field_3\" class=\"wpforms-field-required\"><li class=\"choice-1 depth-1\"><input type=\"radio\" id=\"wpforms-10966-field_3_1\" name=\"wpforms[fields][3]\" value=\"Masculino\" required ><label class=\"wpforms-field-label-inline\" for=\"wpforms-10966-field_3_1\">Masculino<\/label><\/li><li class=\"choice-2 depth-1\"><input type=\"radio\" id=\"wpforms-10966-field_3_2\" name=\"wpforms[fields][3]\" value=\"Femenino\" required ><label class=\"wpforms-field-label-inline\" for=\"wpforms-10966-field_3_2\">Femenino<\/label><\/li><li class=\"choice-3 depth-1\"><input type=\"radio\" id=\"wpforms-10966-field_3_3\" name=\"wpforms[fields][3]\" value=\"GLBTI\" required ><label class=\"wpforms-field-label-inline\" for=\"wpforms-10966-field_3_3\">GLBTI<\/label><\/li><\/ul><div class=\"wpforms-field-description\">Seleccione una de las opciones.<\/div><\/div><div id=\"wpforms-10966-field_5-container\" class=\"wpforms-field wpforms-field-radio\" data-field-id=\"5\"><label class=\"wpforms-field-label\">C\u00f3mo se identifica (...) seg\u00fan su cultura y costumbres:<\/label><ul id=\"wpforms-10966-field_5\"><li class=\"choice-1 depth-1\"><input type=\"radio\" id=\"wpforms-10966-field_5_1\" name=\"wpforms[fields][5]\" value=\"Ind\u00edgena\"  ><label class=\"wpforms-field-label-inline\" for=\"wpforms-10966-field_5_1\">Ind\u00edgena<\/label><\/li><li class=\"choice-2 depth-1\"><input type=\"radio\" id=\"wpforms-10966-field_5_2\" name=\"wpforms[fields][5]\" value=\"Afroecuatoriano\/Negro\/Mulato\"  ><label class=\"wpforms-field-label-inline\" for=\"wpforms-10966-field_5_2\">Afroecuatoriano\/Negro\/Mulato<\/label><\/li><li class=\"choice-3 depth-1\"><input type=\"radio\" id=\"wpforms-10966-field_5_3\" name=\"wpforms[fields][5]\" value=\"Montubio\"  ><label class=\"wpforms-field-label-inline\" for=\"wpforms-10966-field_5_3\">Montubio<\/label><\/li><li class=\"choice-4 depth-1\"><input type=\"radio\" id=\"wpforms-10966-field_5_4\" name=\"wpforms[fields][5]\" value=\"Mestizo\"  ><label class=\"wpforms-field-label-inline\" for=\"wpforms-10966-field_5_4\">Mestizo<\/label><\/li><li class=\"choice-5 depth-1\"><input type=\"radio\" id=\"wpforms-10966-field_5_5\" name=\"wpforms[fields][5]\" value=\"Blanco\"  ><label class=\"wpforms-field-label-inline\" for=\"wpforms-10966-field_5_5\">Blanco<\/label><\/li><li class=\"choice-6 depth-1\"><input type=\"radio\" id=\"wpforms-10966-field_5_6\" name=\"wpforms[fields][5]\" value=\"Otro\"  ><label class=\"wpforms-field-label-inline\" for=\"wpforms-10966-field_5_6\">Otro<\/label><\/li><\/ul><\/div><div id=\"wpforms-10966-field_7-container\" class=\"wpforms-field wpforms-field-text\" data-field-id=\"7\"><label class=\"wpforms-field-label wpforms-label-hide\" for=\"wpforms-10966-field_7\">Otra<\/label><input type=\"text\" id=\"wpforms-10966-field_7\" class=\"wpforms-field-medium\" name=\"wpforms[fields][7]\" ><div class=\"wpforms-field-description\">En caso de seleccionar otra cultura, indique cu\u00e1l.<\/div><\/div><div id=\"wpforms-10966-field_9-container\" class=\"wpforms-field wpforms-field-radio\" data-field-id=\"9\"><label class=\"wpforms-field-label\">Pertenece a una Organizaci\u00f3n Social: <span class=\"wpforms-required-label\">*<\/span><\/label><ul id=\"wpforms-10966-field_9\" class=\"wpforms-field-required\"><li class=\"choice-1 depth-1\"><input type=\"radio\" id=\"wpforms-10966-field_9_1\" name=\"wpforms[fields][9]\" value=\"SI\" required ><label class=\"wpforms-field-label-inline\" for=\"wpforms-10966-field_9_1\">SI<\/label><\/li><li class=\"choice-2 depth-1\"><input type=\"radio\" id=\"wpforms-10966-field_9_2\" name=\"wpforms[fields][9]\" value=\"NO\" required ><label class=\"wpforms-field-label-inline\" for=\"wpforms-10966-field_9_2\">NO<\/label><\/li><\/ul><div class=\"wpforms-field-description\">Seleccione una opci\u00f3n<\/div><\/div><div id=\"wpforms-10966-field_10-container\" class=\"wpforms-field wpforms-field-email\" data-field-id=\"10\"><label class=\"wpforms-field-label\" for=\"wpforms-10966-field_10\">Correo electr\u00f3nico <span class=\"wpforms-required-label\">*<\/span><\/label><input type=\"email\" id=\"wpforms-10966-field_10\" class=\"wpforms-field-medium wpforms-field-required\" name=\"wpforms[fields][10]\" spellcheck=\"false\" required><div class=\"wpforms-field-description\">Registre su correo electr\u00f3nico. p. ejm. jperalta@correo.com<\/div><\/div><div id=\"wpforms-10966-field_12-container\" class=\"wpforms-field wpforms-field-select\" data-field-id=\"12\"><label class=\"wpforms-field-label\" for=\"wpforms-10966-field_12\">Provincia de Residencia <span class=\"wpforms-required-label\">*<\/span><\/label><select id=\"wpforms-10966-field_12\" class=\"wpforms-field-medium wpforms-field-required\" name=\"wpforms[fields][12]\" required=\"required\"><option value=\"Azuay\" >Azuay<\/option><option value=\"Bol\u00edvar\" >Bol\u00edvar<\/option><option value=\"Ca\u00f1ar\" >Ca\u00f1ar<\/option><option value=\"Carchi\" >Carchi<\/option><option value=\"Chimborazo\" >Chimborazo<\/option><option value=\"Cotopaxi\" >Cotopaxi<\/option><option value=\"El Oro\" >El Oro<\/option><option value=\"Esmeraldas\" >Esmeraldas<\/option><option value=\"Gal\u00e1pagos\" >Gal\u00e1pagos<\/option><option value=\"Guayas\" >Guayas<\/option><option value=\"Imbabura\" >Imbabura<\/option><option value=\"Loja\" >Loja<\/option><option value=\"Los R\u00edos\" >Los R\u00edos<\/option><option value=\"Manab\u00ed\" >Manab\u00ed<\/option><option value=\"Morona-Santiago\" >Morona-Santiago<\/option><option value=\"Napo\" >Napo<\/option><option value=\"Orellana\" >Orellana<\/option><option value=\"Pastaza\" >Pastaza<\/option><option value=\"Pichincha\" >Pichincha<\/option><option value=\"Santa Elena\" >Santa Elena<\/option><option value=\"Santo Domingo de los Ts\u00e1chilas\" >Santo Domingo de los Ts\u00e1chilas<\/option><option value=\"Sucumb\u00edos\" >Sucumb\u00edos<\/option><option value=\"Tungurahua\" >Tungurahua<\/option><option value=\"Zamora-Chinchipe\" >Zamora-Chinchipe<\/option><\/select><div class=\"wpforms-field-description\">Seleccione una opci\u00f3n.<\/div><\/div><div id=\"wpforms-10966-field_13-container\" class=\"wpforms-field wpforms-field-radio\" data-field-id=\"13\"><label class=\"wpforms-field-label\">Tipo de Aporte Ciudadano <span class=\"wpforms-required-label\">*<\/span><\/label><ul id=\"wpforms-10966-field_13\" class=\"wpforms-field-required\"><li class=\"choice-1 depth-1\"><input type=\"radio\" id=\"wpforms-10966-field_13_1\" name=\"wpforms[fields][13]\" value=\"Aporte Ciudadano\" required ><label class=\"wpforms-field-label-inline\" for=\"wpforms-10966-field_13_1\">Aporte Ciudadano<\/label><\/li><li class=\"choice-2 depth-1\"><input type=\"radio\" id=\"wpforms-10966-field_13_2\" name=\"wpforms[fields][13]\" value=\"Felicitaci\u00f3n\" required ><label class=\"wpforms-field-label-inline\" for=\"wpforms-10966-field_13_2\">Felicitaci\u00f3n<\/label><\/li><li class=\"choice-3 depth-1\"><input type=\"radio\" id=\"wpforms-10966-field_13_3\" name=\"wpforms[fields][13]\" value=\"Opini\u00f3n\" required ><label class=\"wpforms-field-label-inline\" for=\"wpforms-10966-field_13_3\">Opini\u00f3n<\/label><\/li><li class=\"choice-4 depth-1\"><input type=\"radio\" id=\"wpforms-10966-field_13_4\" name=\"wpforms[fields][13]\" value=\"Sugerencia\" required ><label class=\"wpforms-field-label-inline\" for=\"wpforms-10966-field_13_4\">Sugerencia<\/label><\/li><\/ul><div class=\"wpforms-field-description\">Seleccione una opci\u00f3n.<\/div><\/div><div id=\"wpforms-10966-field_14-container\" class=\"wpforms-field wpforms-field-textarea\" data-field-id=\"14\"><label class=\"wpforms-field-label\" for=\"wpforms-10966-field_14\">Aporte Ciudadano<\/label><textarea id=\"wpforms-10966-field_14\" class=\"wpforms-field-medium\" name=\"wpforms[fields][14]\" ><\/textarea><div class=\"wpforms-field-description\">Detalle el Aporte Ciudadano<\/div><\/div><div id=\"wpforms-10966-field_15-container\" class=\"wpforms-field wpforms-field-radio\" data-field-id=\"15\"><label class=\"wpforms-field-label\">\u00bfDesea ser contactado?<\/label><ul id=\"wpforms-10966-field_15\"><li class=\"choice-1 depth-1\"><input type=\"radio\" id=\"wpforms-10966-field_15_1\" name=\"wpforms[fields][15]\" value=\"SI\"  ><label class=\"wpforms-field-label-inline\" for=\"wpforms-10966-field_15_1\">SI<\/label><\/li><li class=\"choice-2 depth-1\"><input type=\"radio\" id=\"wpforms-10966-field_15_2\" name=\"wpforms[fields][15]\" value=\"NO\"  ><label class=\"wpforms-field-label-inline\" for=\"wpforms-10966-field_15_2\">NO<\/label><\/li><\/ul><div class=\"wpforms-field-description\">Indique si desea que nos contactemos con Ud.<\/div><\/div><div id=\"wpforms-10966-field_17-container\" class=\"wpforms-field wpforms-field-text\" data-field-id=\"17\"><label class=\"wpforms-field-label\" for=\"wpforms-10966-field_17\">N\u00famero(s) de tel\u00e9fono(s):<\/label><input type=\"text\" id=\"wpforms-10966-field_17\" class=\"wpforms-field-medium\" name=\"wpforms[fields][17]\" ><div class=\"wpforms-field-description\">Ingrese su n\u00famero de tel\u00e9fono p. ejem. 06-2123-456 \/ 0912345678<\/div><\/div><\/div><!-- .wpforms-field-container --><div class=\"wpforms-submit-container\" ><input type=\"hidden\" name=\"wpforms[id]\" value=\"10966\"><input type=\"hidden\" name=\"page_title\" value=\"\"><input type=\"hidden\" name=\"page_url\" value=\"https:\/\/prefecturadeesmeraldas.gob.ec\/index.php\/wp-json\/wp\/v2\/pages\/15571\"><input type=\"hidden\" name=\"url_referer\" value=\"\"><button type=\"submit\" name=\"wpforms[submit]\" id=\"wpforms-submit-10966\" class=\"wpforms-submit\" aria-live=\"assertive\" value=\"wpforms-submit\">Enviar<\/button><\/div><\/form><\/div>  <!-- .wpforms-container --> <\/div>\n\t\t\t\t\t\t<\/div>\n\t\t\t\t<\/div>\n\t\t\t\t\t<\/div>\n\t\t<\/div>\n\t\t\t\t\t<\/div>\n\t\t<\/section>\n\t\t\t\t<\/div>\n\t\t","protected":false},"excerpt":{"rendered":"<p>Haz clic aqu\u00ed PDF FORMULARIO DE APORTES CIUDADANOS RESPECTO A LA GESTI\u00d3N REALIZADA DURANTE EL A\u00d1O 2021<\/p>\n","protected":false},"author":2,"featured_media":0,"parent":0,"menu_order":0,"comment_status":"closed","ping_status":"closed","template":"","meta":{"footnotes":""},"class_list":["post-15571","page","type-page","status-publish","hentry"],"yoast_head":"<!-- This site is optimized with the Yoast SEO plugin v25.7 - https:\/\/yoast.com\/wordpress\/plugins\/seo\/ -->\n<title>RENDICI\u00d3N DE CUENTAS ECODEP 2021 - Gobierno Aut\u00f3nomo Descentralizado de la Provincia de Esmeraldas<\/title>\n<meta name=\"robots\" content=\"index, follow, max-snippet:-1, max-image-preview:large, max-video-preview:-1\" \/>\n<link rel=\"canonical\" href=\"https:\/\/prefecturadeesmeraldas.gob.ec\/index.php\/rendicion-de-cuentas-ecodep-2021\/\" \/>\n<meta property=\"og:locale\" content=\"es_ES\" \/>\n<meta property=\"og:type\" content=\"article\" \/>\n<meta property=\"og:title\" content=\"RENDICI\u00d3N DE CUENTAS ECODEP 2021 - Gobierno Aut\u00f3nomo Descentralizado de la Provincia de Esmeraldas\" \/>\n<meta property=\"og:description\" content=\"Haz clic aqu\u00ed PDF FORMULARIO DE APORTES CIUDADANOS RESPECTO A LA GESTI\u00d3N REALIZADA DURANTE EL A\u00d1O 2021\" \/>\n<meta property=\"og:url\" content=\"https:\/\/prefecturadeesmeraldas.gob.ec\/index.php\/rendicion-de-cuentas-ecodep-2021\/\" \/>\n<meta property=\"og:site_name\" content=\"Gobierno Aut\u00f3nomo Descentralizado de la Provincia de Esmeraldas\" \/>\n<meta property=\"article:publisher\" content=\"https:\/\/www.facebook.com\/PrefecturaEsmeraldas\/\" \/>\n<meta property=\"article:modified_time\" content=\"2022-04-25T21:00:20+00:00\" \/>\n<meta property=\"og:image\" content=\"https:\/\/prefecturadeesmeraldas.gob.ec\/wp-content\/uploads\/2022\/04\/Captura-de-pantalla-2022-04-06-101430.png\" \/>\n<meta name=\"twitter:card\" content=\"summary_large_image\" \/>\n<script type=\"application\/ld+json\" class=\"yoast-schema-graph\">{\"@context\":\"https:\/\/schema.org\",\"@graph\":[{\"@type\":\"WebPage\",\"@id\":\"https:\/\/prefecturadeesmeraldas.gob.ec\/index.php\/rendicion-de-cuentas-ecodep-2021\/\",\"url\":\"https:\/\/prefecturadeesmeraldas.gob.ec\/index.php\/rendicion-de-cuentas-ecodep-2021\/\",\"name\":\"RENDICI\u00d3N DE CUENTAS ECODEP 2021 - Gobierno Aut\u00f3nomo Descentralizado de la Provincia de Esmeraldas\",\"isPartOf\":{\"@id\":\"https:\/\/prefecturadeesmeraldas.gob.ec\/#website\"},\"primaryImageOfPage\":{\"@id\":\"https:\/\/prefecturadeesmeraldas.gob.ec\/index.php\/rendicion-de-cuentas-ecodep-2021\/#primaryimage\"},\"image\":{\"@id\":\"https:\/\/prefecturadeesmeraldas.gob.ec\/index.php\/rendicion-de-cuentas-ecodep-2021\/#primaryimage\"},\"thumbnailUrl\":\"https:\/\/prefecturadeesmeraldas.gob.ec\/wp-content\/uploads\/2022\/04\/Captura-de-pantalla-2022-04-06-101430.png\",\"datePublished\":\"2022-04-06T15:11:41+00:00\",\"dateModified\":\"2022-04-25T21:00:20+00:00\",\"breadcrumb\":{\"@id\":\"https:\/\/prefecturadeesmeraldas.gob.ec\/index.php\/rendicion-de-cuentas-ecodep-2021\/#breadcrumb\"},\"inLanguage\":\"es\",\"potentialAction\":[{\"@type\":\"ReadAction\",\"target\":[\"https:\/\/prefecturadeesmeraldas.gob.ec\/index.php\/rendicion-de-cuentas-ecodep-2021\/\"]}]},{\"@type\":\"ImageObject\",\"inLanguage\":\"es\",\"@id\":\"https:\/\/prefecturadeesmeraldas.gob.ec\/index.php\/rendicion-de-cuentas-ecodep-2021\/#primaryimage\",\"url\":\"https:\/\/prefecturadeesmeraldas.gob.ec\/wp-content\/uploads\/2022\/04\/Captura-de-pantalla-2022-04-06-101430.png\",\"contentUrl\":\"https:\/\/prefecturadeesmeraldas.gob.ec\/wp-content\/uploads\/2022\/04\/Captura-de-pantalla-2022-04-06-101430.png\",\"width\":771,\"height\":791},{\"@type\":\"BreadcrumbList\",\"@id\":\"https:\/\/prefecturadeesmeraldas.gob.ec\/index.php\/rendicion-de-cuentas-ecodep-2021\/#breadcrumb\",\"itemListElement\":[{\"@type\":\"ListItem\",\"position\":1,\"name\":\"Home\",\"item\":\"https:\/\/prefecturadeesmeraldas.gob.ec\/\"},{\"@type\":\"ListItem\",\"position\":2,\"name\":\"RENDICI\u00d3N DE CUENTAS ECODEP 2021\"}]},{\"@type\":\"WebSite\",\"@id\":\"https:\/\/prefecturadeesmeraldas.gob.ec\/#website\",\"url\":\"https:\/\/prefecturadeesmeraldas.gob.ec\/\",\"name\":\"Gobierno Aut\u00f3nomo Descentralizado de la Provincia de Esmeraldas\",\"description\":\"Gobierno Aut\u00f3nomo Descentralizado de la Provincia de Esmeraldas\",\"publisher\":{\"@id\":\"https:\/\/prefecturadeesmeraldas.gob.ec\/#organization\"},\"potentialAction\":[{\"@type\":\"SearchAction\",\"target\":{\"@type\":\"EntryPoint\",\"urlTemplate\":\"https:\/\/prefecturadeesmeraldas.gob.ec\/?s={search_term_string}\"},\"query-input\":{\"@type\":\"PropertyValueSpecification\",\"valueRequired\":true,\"valueName\":\"search_term_string\"}}],\"inLanguage\":\"es\"},{\"@type\":\"Organization\",\"@id\":\"https:\/\/prefecturadeesmeraldas.gob.ec\/#organization\",\"name\":\"Gobierno Aut\u00f3nomo Descentralizado de la Provincia de Esmeraldas\",\"url\":\"https:\/\/prefecturadeesmeraldas.gob.ec\/\",\"logo\":{\"@type\":\"ImageObject\",\"inLanguage\":\"es\",\"@id\":\"https:\/\/prefecturadeesmeraldas.gob.ec\/#\/schema\/logo\/image\/\",\"url\":\"https:\/\/prefecturadeesmeraldas.gob.ec\/wp-content\/uploads\/2019\/06\/logo.png\",\"contentUrl\":\"https:\/\/prefecturadeesmeraldas.gob.ec\/wp-content\/uploads\/2019\/06\/logo.png\",\"width\":859,\"height\":448,\"caption\":\"Gobierno Aut\u00f3nomo Descentralizado de la Provincia de Esmeraldas\"},\"image\":{\"@id\":\"https:\/\/prefecturadeesmeraldas.gob.ec\/#\/schema\/logo\/image\/\"},\"sameAs\":[\"https:\/\/www.facebook.com\/PrefecturaEsmeraldas\/\"]}]}<\/script>\n<!-- \/ Yoast SEO plugin. -->","yoast_head_json":{"title":"RENDICI\u00d3N DE CUENTAS ECODEP 2021 - Gobierno Aut\u00f3nomo Descentralizado de la Provincia de Esmeraldas","robots":{"index":"index","follow":"follow","max-snippet":"max-snippet:-1","max-image-preview":"max-image-preview:large","max-video-preview":"max-video-preview:-1"},"canonical":"https:\/\/prefecturadeesmeraldas.gob.ec\/index.php\/rendicion-de-cuentas-ecodep-2021\/","og_locale":"es_ES","og_type":"article","og_title":"RENDICI\u00d3N DE CUENTAS ECODEP 2021 - Gobierno Aut\u00f3nomo Descentralizado de la Provincia de Esmeraldas","og_description":"Haz clic aqu\u00ed PDF FORMULARIO DE APORTES CIUDADANOS RESPECTO A LA GESTI\u00d3N REALIZADA DURANTE EL A\u00d1O 2021","og_url":"https:\/\/prefecturadeesmeraldas.gob.ec\/index.php\/rendicion-de-cuentas-ecodep-2021\/","og_site_name":"Gobierno Aut\u00f3nomo Descentralizado de la Provincia de Esmeraldas","article_publisher":"https:\/\/www.facebook.com\/PrefecturaEsmeraldas\/","article_modified_time":"2022-04-25T21:00:20+00:00","og_image":[{"url":"https:\/\/prefecturadeesmeraldas.gob.ec\/wp-content\/uploads\/2022\/04\/Captura-de-pantalla-2022-04-06-101430.png","type":"","width":"","height":""}],"twitter_card":"summary_large_image","schema":{"@context":"https:\/\/schema.org","@graph":[{"@type":"WebPage","@id":"https:\/\/prefecturadeesmeraldas.gob.ec\/index.php\/rendicion-de-cuentas-ecodep-2021\/","url":"https:\/\/prefecturadeesmeraldas.gob.ec\/index.php\/rendicion-de-cuentas-ecodep-2021\/","name":"RENDICI\u00d3N DE CUENTAS ECODEP 2021 - Gobierno Aut\u00f3nomo Descentralizado de la Provincia de Esmeraldas","isPartOf":{"@id":"https:\/\/prefecturadeesmeraldas.gob.ec\/#website"},"primaryImageOfPage":{"@id":"https:\/\/prefecturadeesmeraldas.gob.ec\/index.php\/rendicion-de-cuentas-ecodep-2021\/#primaryimage"},"image":{"@id":"https:\/\/prefecturadeesmeraldas.gob.ec\/index.php\/rendicion-de-cuentas-ecodep-2021\/#primaryimage"},"thumbnailUrl":"https:\/\/prefecturadeesmeraldas.gob.ec\/wp-content\/uploads\/2022\/04\/Captura-de-pantalla-2022-04-06-101430.png","datePublished":"2022-04-06T15:11:41+00:00","dateModified":"2022-04-25T21:00:20+00:00","breadcrumb":{"@id":"https:\/\/prefecturadeesmeraldas.gob.ec\/index.php\/rendicion-de-cuentas-ecodep-2021\/#breadcrumb"},"inLanguage":"es","potentialAction":[{"@type":"ReadAction","target":["https:\/\/prefecturadeesmeraldas.gob.ec\/index.php\/rendicion-de-cuentas-ecodep-2021\/"]}]},{"@type":"ImageObject","inLanguage":"es","@id":"https:\/\/prefecturadeesmeraldas.gob.ec\/index.php\/rendicion-de-cuentas-ecodep-2021\/#primaryimage","url":"https:\/\/prefecturadeesmeraldas.gob.ec\/wp-content\/uploads\/2022\/04\/Captura-de-pantalla-2022-04-06-101430.png","contentUrl":"https:\/\/prefecturadeesmeraldas.gob.ec\/wp-content\/uploads\/2022\/04\/Captura-de-pantalla-2022-04-06-101430.png","width":771,"height":791},{"@type":"BreadcrumbList","@id":"https:\/\/prefecturadeesmeraldas.gob.ec\/index.php\/rendicion-de-cuentas-ecodep-2021\/#breadcrumb","itemListElement":[{"@type":"ListItem","position":1,"name":"Home","item":"https:\/\/prefecturadeesmeraldas.gob.ec\/"},{"@type":"ListItem","position":2,"name":"RENDICI\u00d3N DE CUENTAS ECODEP 2021"}]},{"@type":"WebSite","@id":"https:\/\/prefecturadeesmeraldas.gob.ec\/#website","url":"https:\/\/prefecturadeesmeraldas.gob.ec\/","name":"Gobierno Aut\u00f3nomo Descentralizado de la Provincia de Esmeraldas","description":"Gobierno Aut\u00f3nomo Descentralizado de la Provincia de Esmeraldas","publisher":{"@id":"https:\/\/prefecturadeesmeraldas.gob.ec\/#organization"},"potentialAction":[{"@type":"SearchAction","target":{"@type":"EntryPoint","urlTemplate":"https:\/\/prefecturadeesmeraldas.gob.ec\/?s={search_term_string}"},"query-input":{"@type":"PropertyValueSpecification","valueRequired":true,"valueName":"search_term_string"}}],"inLanguage":"es"},{"@type":"Organization","@id":"https:\/\/prefecturadeesmeraldas.gob.ec\/#organization","name":"Gobierno Aut\u00f3nomo Descentralizado de la Provincia de Esmeraldas","url":"https:\/\/prefecturadeesmeraldas.gob.ec\/","logo":{"@type":"ImageObject","inLanguage":"es","@id":"https:\/\/prefecturadeesmeraldas.gob.ec\/#\/schema\/logo\/image\/","url":"https:\/\/prefecturadeesmeraldas.gob.ec\/wp-content\/uploads\/2019\/06\/logo.png","contentUrl":"https:\/\/prefecturadeesmeraldas.gob.ec\/wp-content\/uploads\/2019\/06\/logo.png","width":859,"height":448,"caption":"Gobierno Aut\u00f3nomo Descentralizado de la Provincia de Esmeraldas"},"image":{"@id":"https:\/\/prefecturadeesmeraldas.gob.ec\/#\/schema\/logo\/image\/"},"sameAs":["https:\/\/www.facebook.com\/PrefecturaEsmeraldas\/"]}]}},"_links":{"self":[{"href":"https:\/\/prefecturadeesmeraldas.gob.ec\/index.php\/wp-json\/wp\/v2\/pages\/15571","targetHints":{"allow":["GET"]}}],"collection":[{"href":"https:\/\/prefecturadeesmeraldas.gob.ec\/index.php\/wp-json\/wp\/v2\/pages"}],"about":[{"href":"https:\/\/prefecturadeesmeraldas.gob.ec\/index.php\/wp-json\/wp\/v2\/types\/page"}],"author":[{"embeddable":true,"href":"https:\/\/prefecturadeesmeraldas.gob.ec\/index.php\/wp-json\/wp\/v2\/users\/2"}],"replies":[{"embeddable":true,"href":"https:\/\/prefecturadeesmeraldas.gob.ec\/index.php\/wp-json\/wp\/v2\/comments?post=15571"}],"version-history":[{"count":0,"href":"https:\/\/prefecturadeesmeraldas.gob.ec\/index.php\/wp-json\/wp\/v2\/pages\/15571\/revisions"}],"wp:attachment":[{"href":"https:\/\/prefecturadeesmeraldas.gob.ec\/index.php\/wp-json\/wp\/v2\/media?parent=15571"}],"curies":[{"name":"wp","href":"https:\/\/api.w.org\/{rel}","templated":true}]}}