{"version":"1.0","provider_name":"Gobierno Aut\u00f3nomo Descentralizado de la Provincia de Esmeraldas","provider_url":"https:\/\/prefecturadeesmeraldas.gob.ec","author_name":"Direcci\u00f3n de Comunicaci\u00f3n","author_url":"https:\/\/prefecturadeesmeraldas.gob.ec\/index.php\/author\/jatenorio\/","title":"Cuidamos del agua como fuente de vida. - Gobierno Aut\u00f3nomo Descentralizado de la Provincia de Esmeraldas","type":"rich","width":600,"height":338,"html":"<blockquote class=\"wp-embedded-content\" data-secret=\"l5qNjIRJdi\"><a href=\"https:\/\/prefecturadeesmeraldas.gob.ec\/index.php\/2021\/03\/26\/cuidamos-del-agua-como-fuente-de-vida-2\/\">Cuidamos del agua como fuente de vida.<\/a><\/blockquote><iframe sandbox=\"allow-scripts\" security=\"restricted\" src=\"https:\/\/prefecturadeesmeraldas.gob.ec\/index.php\/2021\/03\/26\/cuidamos-del-agua-como-fuente-de-vida-2\/embed\/#?secret=l5qNjIRJdi\" width=\"600\" height=\"338\" title=\"\u00abCuidamos del agua como fuente de vida.\u00bb \u2014 Gobierno Aut\u00f3nomo Descentralizado de la Provincia de Esmeraldas\" data-secret=\"l5qNjIRJdi\" frameborder=\"0\" marginwidth=\"0\" marginheight=\"0\" scrolling=\"no\" class=\"wp-embedded-content\"><\/iframe><script type=\"text\/javascript\">\n\/* <![CDATA[ *\/\n\/*! This file is auto-generated *\/\n!function(d,l){\"use strict\";l.querySelector&&d.addEventListener&&\"undefined\"!=typeof URL&&(d.wp=d.wp||{},d.wp.receiveEmbedMessage||(d.wp.receiveEmbedMessage=function(e){var t=e.data;if((t||t.secret||t.message||t.value)&&!\/[^a-zA-Z0-9]\/.test(t.secret)){for(var s,r,n,a=l.querySelectorAll('iframe[data-secret=\"'+t.secret+'\"]'),o=l.querySelectorAll('blockquote[data-secret=\"'+t.secret+'\"]'),c=new RegExp(\"^https?:$\",\"i\"),i=0;i<o.length;i++)o[i].style.display=\"none\";for(i=0;i<a.length;i++)s=a[i],e.source===s.contentWindow&&(s.removeAttribute(\"style\"),\"height\"===t.message?(1e3<(r=parseInt(t.value,10))?r=1e3:~~r<200&&(r=200),s.height=r):\"link\"===t.message&&(r=new URL(s.getAttribute(\"src\")),n=new URL(t.value),c.test(n.protocol))&&n.host===r.host&&l.activeElement===s&&(d.top.location.href=t.value))}},d.addEventListener(\"message\",d.wp.receiveEmbedMessage,!1),l.addEventListener(\"DOMContentLoaded\",function(){for(var e,t,s=l.querySelectorAll(\"iframe.wp-embedded-content\"),r=0;r<s.length;r++)(t=(e=s[r]).getAttribute(\"data-secret\"))||(t=Math.random().toString(36).substring(2,12),e.src+=\"#?secret=\"+t,e.setAttribute(\"data-secret\",t)),e.contentWindow.postMessage({message:\"ready\",secret:t},\"*\")},!1)))}(window,document);\n\/* ]]> *\/\n<\/script>\n","thumbnail_url":"https:\/\/prefecturadeesmeraldas.gob.ec\/wp-content\/uploads\/2021\/03\/BOLETIN-0326.jpg","thumbnail_width":566,"thumbnail_height":566,"description":"La Direcci\u00f3n de Cuencas, Riego y Drenaje de la Prefectura de Esmeraldas, junto con el Gobierno Parroquial de Daule y con el apoyo de la Fundaci\u00f3n Ayuda en Acci\u00f3n, empez\u00f3 la reforestaci\u00f3n de la cuenca hidrogr\u00e1fica Aguas Claras, con la siembra ch\u00edparo, higuer\u00f3n, guachapel\u00ed, ca\u00f1a guadua y Bamb\u00fa. En esta primera etapa se entregaron 500 [&hellip;]"}