{"version":"1.0","provider_name":"Gobierno Aut\u00f3nomo Descentralizado de la Provincia de Esmeraldas","provider_url":"https:\/\/prefecturadeesmeraldas.gob.ec","author_name":"Direcci\u00f3n de Comunicaci\u00f3n","author_url":"https:\/\/prefecturadeesmeraldas.gob.ec\/index.php\/author\/jatenorio\/","title":"Nueva obra para Quinind\u00e9. - Gobierno Aut\u00f3nomo Descentralizado de la Provincia de Esmeraldas","type":"rich","width":600,"height":338,"html":"<blockquote class=\"wp-embedded-content\" data-secret=\"Azu5GJ6IXB\"><a href=\"https:\/\/prefecturadeesmeraldas.gob.ec\/index.php\/2020\/08\/17\/nueva-obra-para-quininde\/\">Nueva obra para Quinind\u00e9.<\/a><\/blockquote><iframe sandbox=\"allow-scripts\" security=\"restricted\" src=\"https:\/\/prefecturadeesmeraldas.gob.ec\/index.php\/2020\/08\/17\/nueva-obra-para-quininde\/embed\/#?secret=Azu5GJ6IXB\" width=\"600\" height=\"338\" title=\"\u00abNueva obra para Quinind\u00e9.\u00bb \u2014 Gobierno Aut\u00f3nomo Descentralizado de la Provincia de Esmeraldas\" data-secret=\"Azu5GJ6IXB\" frameborder=\"0\" marginwidth=\"0\" marginheight=\"0\" scrolling=\"no\" class=\"wp-embedded-content\"><\/iframe><script type=\"text\/javascript\">\n\/* <![CDATA[ *\/\n\/*! This file is auto-generated *\/\n!function(d,l){\"use strict\";l.querySelector&&d.addEventListener&&\"undefined\"!=typeof URL&&(d.wp=d.wp||{},d.wp.receiveEmbedMessage||(d.wp.receiveEmbedMessage=function(e){var t=e.data;if((t||t.secret||t.message||t.value)&&!\/[^a-zA-Z0-9]\/.test(t.secret)){for(var s,r,n,a=l.querySelectorAll('iframe[data-secret=\"'+t.secret+'\"]'),o=l.querySelectorAll('blockquote[data-secret=\"'+t.secret+'\"]'),c=new RegExp(\"^https?:$\",\"i\"),i=0;i<o.length;i++)o[i].style.display=\"none\";for(i=0;i<a.length;i++)s=a[i],e.source===s.contentWindow&&(s.removeAttribute(\"style\"),\"height\"===t.message?(1e3<(r=parseInt(t.value,10))?r=1e3:~~r<200&&(r=200),s.height=r):\"link\"===t.message&&(r=new URL(s.getAttribute(\"src\")),n=new URL(t.value),c.test(n.protocol))&&n.host===r.host&&l.activeElement===s&&(d.top.location.href=t.value))}},d.addEventListener(\"message\",d.wp.receiveEmbedMessage,!1),l.addEventListener(\"DOMContentLoaded\",function(){for(var e,t,s=l.querySelectorAll(\"iframe.wp-embedded-content\"),r=0;r<s.length;r++)(t=(e=s[r]).getAttribute(\"data-secret\"))||(t=Math.random().toString(36).substring(2,12),e.src+=\"#?secret=\"+t,e.setAttribute(\"data-secret\",t)),e.contentWindow.postMessage({message:\"ready\",secret:t},\"*\")},!1)))}(window,document);\n\/* ]]> *\/\n<\/script>\n","thumbnail_url":"https:\/\/prefecturadeesmeraldas.gob.ec\/wp-content\/uploads\/2020\/08\/BOLETIN744.jpg","thumbnail_width":1280,"thumbnail_height":1280,"description":"Finaliz\u00f3 la construcci\u00f3n de 2 nuevas alcantarillas de 1500 mil\u00edmetros de di\u00e1metro en el cant\u00f3n Quinind\u00e9. Diego Zambrano, viceprefecto de la provincia de Esmeraldas, realiz\u00f3 un recorrido por la obra construida en la v\u00eda que conduce a los recintos Cupa \u2013 Los V\u00e9lez. Ambas infraestructuras buscan dar estabilidad a la v\u00eda, lo cual permitir\u00e1 ejecutar [&hellip;]"}